{"id":287,"date":"2023-01-12T22:53:31","date_gmt":"2023-01-12T22:53:31","guid":{"rendered":"https:\/\/umcervantesecontinua.cl\/web3\/?page_id=287"},"modified":"2024-10-14T10:04:25","modified_gmt":"2024-10-14T13:04:25","slug":"magister-gestion-de-calidad","status":"publish","type":"page","link":"https:\/\/umcervantesecontinua.cl\/web3\/magister-gestion-de-calidad\/","title":{"rendered":"Magister Gestion de Calidad"},"content":{"rendered":"\t\t<div data-elementor-type=\"wp-page\" data-elementor-id=\"287\" class=\"elementor elementor-287\" data-elementor-post-type=\"page\">\n\t\t\t\t\t\t<header class=\"ob-is-breaking-bad elementor-section elementor-top-section elementor-element elementor-element-22a63a74 elementor-section-full_width elementor-section-height-min-height elementor-section-content-middle elementor-section-height-default elementor-section-items-middle\" data-id=\"22a63a74\" data-element_type=\"section\" data-settings=\"{&quot;_ob_bbad_use_it&quot;:&quot;yes&quot;,&quot;_ob_bbad_sssic_use&quot;:&quot;no&quot;,&quot;_ob_glider_is_slider&quot;:&quot;no&quot;}\">\n\t\t\t\t\t\t\t<div class=\"elementor-background-overlay\"><\/div>\n\t\t\t\t\t\t\t<div class=\"elementor-container elementor-column-gap-no\">\n\t\t\t\t\t<div class=\"elementor-column elementor-col-50 elementor-top-column elementor-element elementor-element-8a6856a\" data-id=\"8a6856a\" data-element_type=\"column\" data-settings=\"{&quot;_ob_bbad_is_stalker&quot;:&quot;no&quot;,&quot;_ob_teleporter_use&quot;:false,&quot;_ob_column_hoveranimator&quot;:&quot;no&quot;,&quot;_ob_column_has_pseudo&quot;:&quot;no&quot;}\">\n\t\t\t<div class=\"elementor-widget-wrap elementor-element-populated\">\n\t\t\t\t\t\t<div class=\"elementor-element elementor-element-d4e2152 ob-has-background-overlay elementor-widget elementor-widget-image\" data-id=\"d4e2152\" data-element_type=\"widget\" data-settings=\"{&quot;_ob_photomorph_use&quot;:&quot;no&quot;,&quot;_ob_perspektive_use&quot;:&quot;no&quot;,&quot;_ob_poopart_use&quot;:&quot;yes&quot;,&quot;_ob_shadough_use&quot;:&quot;no&quot;,&quot;_ob_allow_hoveranimator&quot;:&quot;no&quot;,&quot;_ob_widget_stalker_use&quot;:&quot;no&quot;}\" data-widget_type=\"image.default\">\n\t\t\t\t<div class=\"elementor-widget-container\">\n\t\t\t\t\t\t\t\t\t\t\t\t\t\t<a href=\"https:\/\/www.umcervantes.cl\/\" target=\"_blank\">\n\t\t\t\t\t\t\t<img decoding=\"async\" width=\"400\" height=\"105\" src=\"https:\/\/umcervantesecontinua.cl\/web3\/wp-content\/uploads\/2023\/01\/admin-ajax.png\" class=\"attachment-full size-full wp-image-77\" alt=\"\" srcset=\"https:\/\/umcervantesecontinua.cl\/web3\/wp-content\/uploads\/2023\/01\/admin-ajax.png 400w, https:\/\/umcervantesecontinua.cl\/web3\/wp-content\/uploads\/2023\/01\/admin-ajax-300x79.png 300w\" sizes=\"(max-width: 400px) 100vw, 400px\" \/>\t\t\t\t\t\t\t\t<\/a>\n\t\t\t\t\t\t\t\t\t\t\t\t\t<\/div>\n\t\t\t\t<\/div>\n\t\t\t\t\t<\/div>\n\t\t<\/div>\n\t\t\t\t<div class=\"elementor-column elementor-col-50 elementor-top-column elementor-element elementor-element-9b91369\" data-id=\"9b91369\" data-element_type=\"column\" data-settings=\"{&quot;_ob_bbad_is_stalker&quot;:&quot;no&quot;,&quot;_ob_teleporter_use&quot;:false,&quot;_ob_column_hoveranimator&quot;:&quot;no&quot;,&quot;_ob_column_has_pseudo&quot;:&quot;no&quot;}\">\n\t\t\t<div class=\"elementor-widget-wrap elementor-element-populated\">\n\t\t\t\t\t\t<div class=\"elementor-element elementor-element-2080e111 elementor-nav-menu--stretch elementor-widget__width-auto elementor-nav-menu__text-align-center elementor-nav-menu--dropdown-tablet elementor-nav-menu--toggle elementor-nav-menu--burger ob-has-background-overlay elementor-widget elementor-widget-nav-menu\" data-id=\"2080e111\" data-element_type=\"widget\" data-settings=\"{&quot;full_width&quot;:&quot;stretch&quot;,&quot;layout&quot;:&quot;horizontal&quot;,&quot;submenu_icon&quot;:{&quot;value&quot;:&quot;&lt;i class=\\&quot;fas fa-caret-down\\&quot;&gt;&lt;\\\/i&gt;&quot;,&quot;library&quot;:&quot;fa-solid&quot;},&quot;toggle&quot;:&quot;burger&quot;,&quot;_ob_perspektive_use&quot;:&quot;no&quot;,&quot;_ob_poopart_use&quot;:&quot;yes&quot;,&quot;_ob_shadough_use&quot;:&quot;no&quot;,&quot;_ob_allow_hoveranimator&quot;:&quot;no&quot;,&quot;_ob_widget_stalker_use&quot;:&quot;no&quot;}\" data-widget_type=\"nav-menu.default\">\n\t\t\t\t<div class=\"elementor-widget-container\">\n\t\t\t\t\t\t<nav class=\"elementor-nav-menu--main elementor-nav-menu__container elementor-nav-menu--layout-horizontal e--pointer-background e--animation-sweep-right\">\n\t\t\t\t<ul id=\"menu-1-2080e111\" class=\"elementor-nav-menu\"><li class=\"menu-item menu-item-type-custom menu-item-object-custom menu-item-519\"><a href=\"https:\/\/umcervantesecontinua.cl\/web3\/elementor-11-copy\/\" class=\"elementor-item\">Inicio<\/a><\/li>\n<li class=\"menu-item menu-item-type-custom menu-item-object-custom menu-item-has-children menu-item-518\"><a href=\"#\" class=\"elementor-item elementor-item-anchor\">Programas<\/a>\n<ul class=\"sub-menu elementor-nav-menu--dropdown\">\n\t<li class=\"menu-item menu-item-type-custom menu-item-object-custom menu-item-home menu-item-520\"><a href=\"https:\/\/umcervantesecontinua.cl\/web3\/#magister\" class=\"elementor-sub-item elementor-item-anchor\">Mag\u00edster<\/a><\/li>\n\t<li class=\"menu-item menu-item-type-custom menu-item-object-custom menu-item-home menu-item-521\"><a href=\"https:\/\/umcervantesecontinua.cl\/web3\/#postitulo\" class=\"elementor-sub-item elementor-item-anchor\">Postitulos<\/a><\/li>\n\t<li class=\"menu-item menu-item-type-custom menu-item-object-custom menu-item-home menu-item-522\"><a href=\"https:\/\/umcervantesecontinua.cl\/web3\/#diplomados\" class=\"elementor-sub-item elementor-item-anchor\">Diplomados<\/a><\/li>\n<\/ul>\n<\/li>\n<li class=\"menu-item menu-item-type-custom menu-item-object-custom menu-item-712\"><a href=\"https:\/\/umcervantesecontinua.cl\/web3\/quienes-somos\" class=\"elementor-item\">Quienes Somos<\/a><\/li>\n<li class=\"menu-item menu-item-type-custom menu-item-object-custom menu-item-720\"><a target=\"_blank\" href=\"https:\/\/www.umcervantes.cl\/vinculacion-con-el-medio-2\/\" class=\"elementor-item\">Vinculaci\u00f3n<\/a><\/li>\n<li class=\"menu-item menu-item-type-post_type menu-item-object-page menu-item-544\"><a href=\"https:\/\/umcervantesecontinua.cl\/web3\/elementor-535\/\" class=\"elementor-item\">Contacto<\/a><\/li>\n<\/ul>\t\t\t<\/nav>\n\t\t\t\t\t<div class=\"elementor-menu-toggle\" role=\"button\" tabindex=\"0\" aria-label=\"Alternar men\u00fa\" aria-expanded=\"false\">\n\t\t\t<i aria-hidden=\"true\" role=\"presentation\" class=\"elementor-menu-toggle__icon--open eicon-menu-bar\"><\/i><i aria-hidden=\"true\" role=\"presentation\" class=\"elementor-menu-toggle__icon--close eicon-close\"><\/i>\t\t\t<span class=\"elementor-screen-only\">Men\u00fa<\/span>\n\t\t<\/div>\n\t\t\t\t\t<nav class=\"elementor-nav-menu--dropdown elementor-nav-menu__container\" aria-hidden=\"true\">\n\t\t\t\t<ul id=\"menu-2-2080e111\" class=\"elementor-nav-menu\"><li class=\"menu-item menu-item-type-custom menu-item-object-custom menu-item-519\"><a href=\"https:\/\/umcervantesecontinua.cl\/web3\/elementor-11-copy\/\" class=\"elementor-item\" tabindex=\"-1\">Inicio<\/a><\/li>\n<li class=\"menu-item menu-item-type-custom menu-item-object-custom menu-item-has-children menu-item-518\"><a href=\"#\" class=\"elementor-item elementor-item-anchor\" tabindex=\"-1\">Programas<\/a>\n<ul class=\"sub-menu elementor-nav-menu--dropdown\">\n\t<li class=\"menu-item menu-item-type-custom menu-item-object-custom menu-item-home menu-item-520\"><a href=\"https:\/\/umcervantesecontinua.cl\/web3\/#magister\" class=\"elementor-sub-item elementor-item-anchor\" tabindex=\"-1\">Mag\u00edster<\/a><\/li>\n\t<li class=\"menu-item menu-item-type-custom menu-item-object-custom menu-item-home menu-item-521\"><a href=\"https:\/\/umcervantesecontinua.cl\/web3\/#postitulo\" class=\"elementor-sub-item elementor-item-anchor\" tabindex=\"-1\">Postitulos<\/a><\/li>\n\t<li class=\"menu-item menu-item-type-custom menu-item-object-custom menu-item-home menu-item-522\"><a href=\"https:\/\/umcervantesecontinua.cl\/web3\/#diplomados\" class=\"elementor-sub-item elementor-item-anchor\" tabindex=\"-1\">Diplomados<\/a><\/li>\n<\/ul>\n<\/li>\n<li class=\"menu-item menu-item-type-custom menu-item-object-custom menu-item-712\"><a href=\"https:\/\/umcervantesecontinua.cl\/web3\/quienes-somos\" class=\"elementor-item\" tabindex=\"-1\">Quienes Somos<\/a><\/li>\n<li class=\"menu-item menu-item-type-custom menu-item-object-custom menu-item-720\"><a target=\"_blank\" href=\"https:\/\/www.umcervantes.cl\/vinculacion-con-el-medio-2\/\" class=\"elementor-item\" tabindex=\"-1\">Vinculaci\u00f3n<\/a><\/li>\n<li class=\"menu-item menu-item-type-post_type menu-item-object-page menu-item-544\"><a href=\"https:\/\/umcervantesecontinua.cl\/web3\/elementor-535\/\" class=\"elementor-item\" tabindex=\"-1\">Contacto<\/a><\/li>\n<\/ul>\t\t\t<\/nav>\n\t\t\t\t<\/div>\n\t\t\t\t<\/div>\n\t\t\t\t<div class=\"elementor-element elementor-element-407d522c elementor-widget__width-auto elementor-button-info elementor-align-center ob-has-background-overlay elementor-widget elementor-widget-button\" data-id=\"407d522c\" data-element_type=\"widget\" data-settings=\"{&quot;_ob_butterbutton_use_it&quot;:&quot;no&quot;,&quot;_ob_perspektive_use&quot;:&quot;no&quot;,&quot;_ob_poopart_use&quot;:&quot;yes&quot;,&quot;_ob_shadough_use&quot;:&quot;no&quot;,&quot;_ob_allow_hoveranimator&quot;:&quot;no&quot;,&quot;_ob_widget_stalker_use&quot;:&quot;no&quot;}\" data-widget_type=\"button.default\">\n\t\t\t\t<div class=\"elementor-widget-container\">\n\t\t\t\t\t<div class=\"elementor-button-wrapper\">\n\t\t\t<a class=\"elementor-button elementor-button-link elementor-size-sm\" href=\"https:\/\/umcervantesecontinua.cl\/web3\/acceso\/\">\n\t\t\t\t\t\t<span class=\"elementor-button-content-wrapper\">\n\t\t\t\t\t\t\t\t\t<span class=\"elementor-button-text\">Aula Virtual<\/span>\n\t\t\t\t\t<\/span>\n\t\t\t\t\t<\/a>\n\t\t<\/div>\n\t\t\t\t<\/div>\n\t\t\t\t<\/div>\n\t\t\t\t\t<\/div>\n\t\t<\/div>\n\t\t\t\t\t<\/div>\n\t\t<\/header>\n\t\t\t\t<section class=\"ob-is-breaking-bad elementor-section elementor-top-section elementor-element elementor-element-93ff9ee elementor-section-boxed elementor-section-height-default elementor-section-height-default\" data-id=\"93ff9ee\" data-element_type=\"section\" data-settings=\"{&quot;_ob_bbad_use_it&quot;:&quot;yes&quot;,&quot;_ob_bbad_sssic_use&quot;:&quot;no&quot;,&quot;_ob_glider_is_slider&quot;:&quot;no&quot;}\">\n\t\t\t\t\t\t<div class=\"elementor-container elementor-column-gap-default\">\n\t\t\t\t\t<div class=\"elementor-column elementor-col-100 elementor-top-column elementor-element elementor-element-80bcf83\" data-id=\"80bcf83\" data-element_type=\"column\" data-settings=\"{&quot;_ob_bbad_is_stalker&quot;:&quot;no&quot;,&quot;_ob_teleporter_use&quot;:false,&quot;_ob_column_hoveranimator&quot;:&quot;no&quot;,&quot;_ob_column_has_pseudo&quot;:&quot;no&quot;}\">\n\t\t\t<div class=\"elementor-widget-wrap elementor-element-populated\">\n\t\t\t\t\t\t<div class=\"elementor-element elementor-element-ef8a14f elementor-headline--style-rotate ob-has-background-overlay elementor-widget elementor-widget-animated-headline\" data-id=\"ef8a14f\" data-element_type=\"widget\" data-settings=\"{&quot;headline_style&quot;:&quot;rotate&quot;,&quot;animation_type&quot;:&quot;drop-in&quot;,&quot;rotating_text&quot;:&quot;de Calidad&quot;,&quot;loop&quot;:&quot;yes&quot;,&quot;rotate_iteration_delay&quot;:2500,&quot;_ob_perspektive_use&quot;:&quot;no&quot;,&quot;_ob_poopart_use&quot;:&quot;yes&quot;,&quot;_ob_shadough_use&quot;:&quot;no&quot;,&quot;_ob_allow_hoveranimator&quot;:&quot;no&quot;,&quot;_ob_widget_stalker_use&quot;:&quot;no&quot;}\" data-widget_type=\"animated-headline.default\">\n\t\t\t\t<div class=\"elementor-widget-container\">\n\t\t\t\t\t<h3 class=\"elementor-headline elementor-headline-animation-type-drop-in\">\n\t\t\t\t\t<span class=\"elementor-headline-plain-text elementor-headline-text-wrapper\">Mag\u00edster Profesional en Educaci\u00f3n menci\u00f3n Gesti\u00f3n <\/span>\n\t\t\t\t<span class=\"elementor-headline-dynamic-wrapper elementor-headline-text-wrapper\">\n\t\t\t\t\t<span class=\"elementor-headline-dynamic-text elementor-headline-text-active\">\n\t\t\t\tde&nbsp;Calidad\t\t\t<\/span>\n\t\t\t\t\t\t<\/span>\n\t\t\t\t<\/h3>\n\t\t\t\t<\/div>\n\t\t\t\t<\/div>\n\t\t\t\t\t<\/div>\n\t\t<\/div>\n\t\t\t\t\t<\/div>\n\t\t<\/section>\n\t\t\t\t<section class=\"ob-is-breaking-bad elementor-section elementor-top-section elementor-element elementor-element-81c5463 elementor-section-boxed elementor-section-height-default elementor-section-height-default\" data-id=\"81c5463\" data-element_type=\"section\" data-settings=\"{&quot;_ob_bbad_use_it&quot;:&quot;yes&quot;,&quot;_ob_bbad_sssic_use&quot;:&quot;no&quot;,&quot;_ob_glider_is_slider&quot;:&quot;no&quot;}\">\n\t\t\t\t\t\t<div class=\"elementor-container elementor-column-gap-default\">\n\t\t\t\t\t<div class=\"elementor-column elementor-col-50 elementor-top-column elementor-element elementor-element-e990fd0\" data-id=\"e990fd0\" data-element_type=\"column\" data-settings=\"{&quot;_ob_bbad_is_stalker&quot;:&quot;no&quot;,&quot;_ob_teleporter_use&quot;:false,&quot;_ob_column_hoveranimator&quot;:&quot;no&quot;,&quot;_ob_column_has_pseudo&quot;:&quot;no&quot;}\">\n\t\t\t<div class=\"elementor-widget-wrap elementor-element-populated\">\n\t\t\t\t\t\t<div class=\"elementor-element elementor-element-292e506 ob-has-background-overlay elementor-widget elementor-widget-image\" data-id=\"292e506\" data-element_type=\"widget\" data-settings=\"{&quot;_ob_photomorph_use&quot;:&quot;no&quot;,&quot;_ob_perspektive_use&quot;:&quot;no&quot;,&quot;_ob_poopart_use&quot;:&quot;yes&quot;,&quot;_ob_shadough_use&quot;:&quot;no&quot;,&quot;_ob_allow_hoveranimator&quot;:&quot;no&quot;,&quot;_ob_widget_stalker_use&quot;:&quot;no&quot;}\" data-widget_type=\"image.default\">\n\t\t\t\t<div class=\"elementor-widget-container\">\n\t\t\t\t\t\t\t\t\t\t<figure class=\"wp-caption\">\n\t\t\t\t\t\t\t\t\t\t<img fetchpriority=\"high\" decoding=\"async\" width=\"800\" height=\"642\" src=\"https:\/\/umcervantesecontinua.cl\/web3\/wp-content\/uploads\/2023\/01\/magistergestion.jpg\" class=\"attachment-large size-large wp-image-241\" alt=\"\" srcset=\"https:\/\/umcervantesecontinua.cl\/web3\/wp-content\/uploads\/2023\/01\/magistergestion.jpg 800w, https:\/\/umcervantesecontinua.cl\/web3\/wp-content\/uploads\/2023\/01\/magistergestion-300x241.jpg 300w, https:\/\/umcervantesecontinua.cl\/web3\/wp-content\/uploads\/2023\/01\/magistergestion-768x616.jpg 768w\" sizes=\"(max-width: 800px) 100vw, 800px\" \/>\t\t\t\t\t\t\t\t\t\t\t<figcaption class=\"widget-image-caption wp-caption-text\"><\/figcaption>\n\t\t\t\t\t\t\t\t\t\t<\/figure>\n\t\t\t\t\t\t\t<\/div>\n\t\t\t\t<\/div>\n\t\t\t\t\t<\/div>\n\t\t<\/div>\n\t\t\t\t<div class=\"elementor-column elementor-col-50 elementor-top-column elementor-element elementor-element-a7b7efe\" data-id=\"a7b7efe\" data-element_type=\"column\" data-settings=\"{&quot;_ob_bbad_is_stalker&quot;:&quot;no&quot;,&quot;_ob_teleporter_use&quot;:false,&quot;_ob_column_hoveranimator&quot;:&quot;no&quot;,&quot;_ob_column_has_pseudo&quot;:&quot;no&quot;}\">\n\t\t\t<div class=\"elementor-widget-wrap elementor-element-populated\">\n\t\t\t\t\t\t<div class=\"elementor-element elementor-element-4d4dac8 ob-harakiri-inherit ob-has-background-overlay elementor-widget elementor-widget-text-editor\" data-id=\"4d4dac8\" data-element_type=\"widget\" data-settings=\"{&quot;_ob_use_harakiri&quot;:&quot;yes&quot;,&quot;_ob_harakiri_writing_mode&quot;:&quot;inherit&quot;,&quot;_ob_postman_use&quot;:&quot;no&quot;,&quot;_ob_perspektive_use&quot;:&quot;no&quot;,&quot;_ob_poopart_use&quot;:&quot;yes&quot;,&quot;_ob_shadough_use&quot;:&quot;no&quot;,&quot;_ob_allow_hoveranimator&quot;:&quot;no&quot;,&quot;_ob_widget_stalker_use&quot;:&quot;no&quot;}\" data-widget_type=\"text-editor.default\">\n\t\t\t\t<div class=\"elementor-widget-container\">\n\t\t\t\t\t\t\t<p class=\"MsoNormal\" style=\"line-height: 115%;\">El programa de Mag\u00edster Profesional en Educaci\u00f3n menci\u00f3n Gesti\u00f3n de Calidad, responde a la necesidad de perfeccionamiento de los profesionales de la educaci\u00f3n que comprenden los distintos niveles del sistema educativo (Educaci\u00f3n Parvularia, Educaci\u00f3n B\u00e1sica, Educaci\u00f3n Media y Superior), en cuanto al manejo de herramientas de gesti\u00f3n y liderazgo congruentes con los requerimientos actuales de educaci\u00f3n, que permitan la transformaci\u00f3n de las instituciones educativas en organizaciones con capacidad de cambio, efectivas en lo pedag\u00f3gico y orientadas al logro de una educaci\u00f3n de calidad.<\/p><p class=\"MsoNormal\" style=\"line-height: 115%;\">El programa tiene como prop\u00f3sito, favorecer en los participantes el desarrollo de las competencias y habilidades necesarias para interactuar de manera eficaz y eficiente en el contexto del sistema educativo, permiti\u00e9ndoles liderar, dirigir y gestionar procesos integrales, con foco en la calidad e innovaci\u00f3n educativa, favoreciendo el mejoramiento continuo y contribuyendo a los desaf\u00edos actuales para el mejoramiento de la calidad de nuestro sistema<br \/>educativo.<\/p><p class=\"MsoNormal\" style=\"line-height: 115%;\">El programa por su naturaleza est\u00e1 dirigido a los profesionales de la educaci\u00f3n y otros profesionales afines que desean desempe\u00f1arse en cargos de liderazgo y gesti\u00f3n tanto en centros educativos (y en los distintos niveles del sistema) como en organismos municipales, gubernamentales y no gubernamentales vinculados a la educaci\u00f3n.<\/p>\t\t\t\t\t\t<\/div>\n\t\t\t\t<\/div>\n\t\t\t\t<div class=\"elementor-element elementor-element-a04b6b7 elementor-grid-1 elementor-fixed elementor-widget__width-auto elementor-shape-rounded e-grid-align-center ob-has-background-overlay elementor-widget elementor-widget-social-icons\" data-id=\"a04b6b7\" data-element_type=\"widget\" data-settings=\"{&quot;_position&quot;:&quot;fixed&quot;,&quot;_ob_perspektive_use&quot;:&quot;no&quot;,&quot;_ob_poopart_use&quot;:&quot;yes&quot;,&quot;_ob_shadough_use&quot;:&quot;no&quot;,&quot;_ob_allow_hoveranimator&quot;:&quot;no&quot;,&quot;_ob_widget_stalker_use&quot;:&quot;no&quot;}\" data-widget_type=\"social-icons.default\">\n\t\t\t\t<div class=\"elementor-widget-container\">\n\t\t\t\t\t<div class=\"elementor-social-icons-wrapper elementor-grid\">\n\t\t\t\t\t\t\t<span class=\"elementor-grid-item\">\n\t\t\t\t\t<a class=\"elementor-icon elementor-social-icon elementor-social-icon-whatsapp elementor-repeater-item-ebdebc8\" target=\"_blank\">\n\t\t\t\t\t\t<span class=\"elementor-screen-only\">Whatsapp<\/span>\n\t\t\t\t\t\t<i class=\"fab fa-whatsapp\"><\/i>\t\t\t\t\t<\/a>\n\t\t\t\t<\/span>\n\t\t\t\t\t\t\t<span class=\"elementor-grid-item\">\n\t\t\t\t\t<a class=\"elementor-icon elementor-social-icon elementor-social-icon-facebook elementor-repeater-item-ae1be80\" target=\"_blank\">\n\t\t\t\t\t\t<span class=\"elementor-screen-only\">Facebook<\/span>\n\t\t\t\t\t\t<i class=\"fab fa-facebook\"><\/i>\t\t\t\t\t<\/a>\n\t\t\t\t<\/span>\n\t\t\t\t\t<\/div>\n\t\t\t\t<\/div>\n\t\t\t\t<\/div>\n\t\t\t\t\t<\/div>\n\t\t<\/div>\n\t\t\t\t\t<\/div>\n\t\t<\/section>\n\t\t\t\t<section class=\"ob-is-breaking-bad elementor-section elementor-top-section elementor-element elementor-element-b97649f elementor-section-boxed elementor-section-height-default elementor-section-height-default\" data-id=\"b97649f\" data-element_type=\"section\" data-settings=\"{&quot;_ob_bbad_use_it&quot;:&quot;yes&quot;,&quot;_ob_bbad_sssic_use&quot;:&quot;no&quot;,&quot;_ob_glider_is_slider&quot;:&quot;no&quot;}\">\n\t\t\t\t\t\t<div class=\"elementor-container elementor-column-gap-default\">\n\t\t\t\t\t<div class=\"elementor-column elementor-col-20 elementor-top-column elementor-element elementor-element-f939f53\" data-id=\"f939f53\" data-element_type=\"column\" data-settings=\"{&quot;_ob_bbad_is_stalker&quot;:&quot;no&quot;,&quot;_ob_teleporter_use&quot;:false,&quot;_ob_column_hoveranimator&quot;:&quot;no&quot;,&quot;_ob_column_has_pseudo&quot;:&quot;no&quot;}\">\n\t\t\t<div class=\"elementor-widget-wrap elementor-element-populated\">\n\t\t\t\t\t\t<div class=\"elementor-element elementor-element-062e201 elementor-view-default elementor-position-top elementor-mobile-position-top ob-has-background-overlay elementor-widget elementor-widget-icon-box\" data-id=\"062e201\" data-element_type=\"widget\" data-settings=\"{&quot;_ob_perspektive_use&quot;:&quot;no&quot;,&quot;_ob_poopart_use&quot;:&quot;yes&quot;,&quot;_ob_shadough_use&quot;:&quot;no&quot;,&quot;_ob_allow_hoveranimator&quot;:&quot;no&quot;,&quot;_ob_widget_stalker_use&quot;:&quot;no&quot;}\" data-widget_type=\"icon-box.default\">\n\t\t\t\t<div class=\"elementor-widget-container\">\n\t\t\t\t\t<div class=\"elementor-icon-box-wrapper\">\n\n\t\t\t\t\t\t<div class=\"elementor-icon-box-icon\">\n\t\t\t\t<span  class=\"elementor-icon elementor-animation-\">\n\t\t\t\t<i aria-hidden=\"true\" class=\"far fa-calendar-alt\"><\/i>\t\t\t\t<\/span>\n\t\t\t<\/div>\n\t\t\t\n\t\t\t\t\t\t<div class=\"elementor-icon-box-content\">\n\n\t\t\t\t\t\t\t\t\t<h3 class=\"elementor-icon-box-title\">\n\t\t\t\t\t\t<span  >\n\t\t\t\t\t\t\tInicio de Clases\t\t\t\t\t\t<\/span>\n\t\t\t\t\t<\/h3>\n\t\t\t\t\n\t\t\t\t\t\t\t\t\t<p class=\"elementor-icon-box-description\">\n\t\t\t\t\t\tConsultar\t\t\t\t\t<\/p>\n\t\t\t\t\n\t\t\t<\/div>\n\t\t\t\n\t\t<\/div>\n\t\t\t\t<\/div>\n\t\t\t\t<\/div>\n\t\t\t\t\t<\/div>\n\t\t<\/div>\n\t\t\t\t<div class=\"elementor-column elementor-col-20 elementor-top-column elementor-element elementor-element-fd630a5\" data-id=\"fd630a5\" data-element_type=\"column\" data-settings=\"{&quot;_ob_bbad_is_stalker&quot;:&quot;no&quot;,&quot;_ob_teleporter_use&quot;:false,&quot;_ob_column_hoveranimator&quot;:&quot;no&quot;,&quot;_ob_column_has_pseudo&quot;:&quot;no&quot;}\">\n\t\t\t<div class=\"elementor-widget-wrap elementor-element-populated\">\n\t\t\t\t\t\t<div class=\"elementor-element elementor-element-8d4b483 elementor-view-default elementor-position-top elementor-mobile-position-top ob-has-background-overlay elementor-widget elementor-widget-icon-box\" data-id=\"8d4b483\" data-element_type=\"widget\" data-settings=\"{&quot;_ob_perspektive_use&quot;:&quot;no&quot;,&quot;_ob_poopart_use&quot;:&quot;yes&quot;,&quot;_ob_shadough_use&quot;:&quot;no&quot;,&quot;_ob_allow_hoveranimator&quot;:&quot;no&quot;,&quot;_ob_widget_stalker_use&quot;:&quot;no&quot;}\" data-widget_type=\"icon-box.default\">\n\t\t\t\t<div class=\"elementor-widget-container\">\n\t\t\t\t\t<div class=\"elementor-icon-box-wrapper\">\n\n\t\t\t\t\t\t<div class=\"elementor-icon-box-icon\">\n\t\t\t\t<span  class=\"elementor-icon elementor-animation-\">\n\t\t\t\t<i aria-hidden=\"true\" class=\"far fa-clock\"><\/i>\t\t\t\t<\/span>\n\t\t\t<\/div>\n\t\t\t\n\t\t\t\t\t\t<div class=\"elementor-icon-box-content\">\n\n\t\t\t\t\t\t\t\t\t<h3 class=\"elementor-icon-box-title\">\n\t\t\t\t\t\t<span  >\n\t\t\t\t\t\t\tDuraci\u00f3n\t\t\t\t\t\t<\/span>\n\t\t\t\t\t<\/h3>\n\t\t\t\t\n\t\t\t\t\t\t\t\t\t<p class=\"elementor-icon-box-description\">\n\t\t\t\t\t\t3 Semestres\t\t\t\t\t<\/p>\n\t\t\t\t\n\t\t\t<\/div>\n\t\t\t\n\t\t<\/div>\n\t\t\t\t<\/div>\n\t\t\t\t<\/div>\n\t\t\t\t\t<\/div>\n\t\t<\/div>\n\t\t\t\t<div class=\"elementor-column elementor-col-20 elementor-top-column elementor-element elementor-element-9268040\" data-id=\"9268040\" data-element_type=\"column\" data-settings=\"{&quot;_ob_bbad_is_stalker&quot;:&quot;no&quot;,&quot;_ob_teleporter_use&quot;:false,&quot;_ob_column_hoveranimator&quot;:&quot;no&quot;,&quot;_ob_column_has_pseudo&quot;:&quot;no&quot;}\">\n\t\t\t<div class=\"elementor-widget-wrap elementor-element-populated\">\n\t\t\t\t\t\t<div class=\"elementor-element elementor-element-e0833e1 elementor-view-default elementor-position-top elementor-mobile-position-top ob-has-background-overlay elementor-widget elementor-widget-icon-box\" data-id=\"e0833e1\" data-element_type=\"widget\" data-settings=\"{&quot;_ob_perspektive_use&quot;:&quot;no&quot;,&quot;_ob_poopart_use&quot;:&quot;yes&quot;,&quot;_ob_shadough_use&quot;:&quot;no&quot;,&quot;_ob_allow_hoveranimator&quot;:&quot;no&quot;,&quot;_ob_widget_stalker_use&quot;:&quot;no&quot;}\" data-widget_type=\"icon-box.default\">\n\t\t\t\t<div class=\"elementor-widget-container\">\n\t\t\t\t\t<div class=\"elementor-icon-box-wrapper\">\n\n\t\t\t\t\t\t<div class=\"elementor-icon-box-icon\">\n\t\t\t\t<span  class=\"elementor-icon elementor-animation-\">\n\t\t\t\t<i aria-hidden=\"true\" class=\"fas fa-laptop-house\"><\/i>\t\t\t\t<\/span>\n\t\t\t<\/div>\n\t\t\t\n\t\t\t\t\t\t<div class=\"elementor-icon-box-content\">\n\n\t\t\t\t\t\t\t\t\t<h3 class=\"elementor-icon-box-title\">\n\t\t\t\t\t\t<span  >\n\t\t\t\t\t\t\tModalidad\t\t\t\t\t\t<\/span>\n\t\t\t\t\t<\/h3>\n\t\t\t\t\n\t\t\t\t\t\t\t\t\t<p class=\"elementor-icon-box-description\">\n\t\t\t\t\t\tOnline\t\t\t\t\t<\/p>\n\t\t\t\t\n\t\t\t<\/div>\n\t\t\t\n\t\t<\/div>\n\t\t\t\t<\/div>\n\t\t\t\t<\/div>\n\t\t\t\t\t<\/div>\n\t\t<\/div>\n\t\t\t\t<div class=\"elementor-column elementor-col-20 elementor-top-column elementor-element elementor-element-9f9b7a6\" data-id=\"9f9b7a6\" data-element_type=\"column\" data-settings=\"{&quot;_ob_bbad_is_stalker&quot;:&quot;no&quot;,&quot;_ob_teleporter_use&quot;:false,&quot;_ob_column_hoveranimator&quot;:&quot;no&quot;,&quot;_ob_column_has_pseudo&quot;:&quot;no&quot;}\">\n\t\t\t<div class=\"elementor-widget-wrap elementor-element-populated\">\n\t\t\t\t\t\t<div class=\"elementor-element elementor-element-fd39739 elementor-view-default elementor-position-top elementor-mobile-position-top ob-has-background-overlay elementor-widget elementor-widget-icon-box\" data-id=\"fd39739\" data-element_type=\"widget\" data-settings=\"{&quot;_ob_perspektive_use&quot;:&quot;no&quot;,&quot;_ob_poopart_use&quot;:&quot;yes&quot;,&quot;_ob_shadough_use&quot;:&quot;no&quot;,&quot;_ob_allow_hoveranimator&quot;:&quot;no&quot;,&quot;_ob_widget_stalker_use&quot;:&quot;no&quot;}\" data-widget_type=\"icon-box.default\">\n\t\t\t\t<div class=\"elementor-widget-container\">\n\t\t\t\t\t<div class=\"elementor-icon-box-wrapper\">\n\n\t\t\t\t\t\t<div class=\"elementor-icon-box-icon\">\n\t\t\t\t<span  class=\"elementor-icon elementor-animation-\">\n\t\t\t\t<i aria-hidden=\"true\" class=\"fas fa-medal\"><\/i>\t\t\t\t<\/span>\n\t\t\t<\/div>\n\t\t\t\n\t\t\t\t\t\t<div class=\"elementor-icon-box-content\">\n\n\t\t\t\t\t\t\t\t\t<h3 class=\"elementor-icon-box-title\">\n\t\t\t\t\t\t<span  >\n\t\t\t\t\t\t\tMatr\u00edcula\t\t\t\t\t\t<\/span>\n\t\t\t\t\t<\/h3>\n\t\t\t\t\n\t\t\t\t\t\t\t\t\t<p class=\"elementor-icon-box-description\">\n\t\t\t\t\t\tCosto $0\t\t\t\t\t<\/p>\n\t\t\t\t\n\t\t\t<\/div>\n\t\t\t\n\t\t<\/div>\n\t\t\t\t<\/div>\n\t\t\t\t<\/div>\n\t\t\t\t\t<\/div>\n\t\t<\/div>\n\t\t\t\t<div class=\"elementor-column elementor-col-20 elementor-top-column elementor-element elementor-element-1e366d3\" data-id=\"1e366d3\" data-element_type=\"column\" data-settings=\"{&quot;_ob_bbad_is_stalker&quot;:&quot;no&quot;,&quot;_ob_teleporter_use&quot;:false,&quot;_ob_column_hoveranimator&quot;:&quot;no&quot;,&quot;_ob_column_has_pseudo&quot;:&quot;no&quot;}\">\n\t\t\t<div class=\"elementor-widget-wrap elementor-element-populated\">\n\t\t\t\t\t\t<div class=\"elementor-element elementor-element-1ae2e32 elementor-view-default elementor-position-top elementor-mobile-position-top ob-has-background-overlay elementor-widget elementor-widget-icon-box\" data-id=\"1ae2e32\" data-element_type=\"widget\" data-settings=\"{&quot;_ob_perspektive_use&quot;:&quot;no&quot;,&quot;_ob_poopart_use&quot;:&quot;yes&quot;,&quot;_ob_shadough_use&quot;:&quot;no&quot;,&quot;_ob_allow_hoveranimator&quot;:&quot;no&quot;,&quot;_ob_widget_stalker_use&quot;:&quot;no&quot;}\" data-widget_type=\"icon-box.default\">\n\t\t\t\t<div class=\"elementor-widget-container\">\n\t\t\t\t\t<div class=\"elementor-icon-box-wrapper\">\n\n\t\t\t\t\t\t<div class=\"elementor-icon-box-icon\">\n\t\t\t\t<span  class=\"elementor-icon elementor-animation-\">\n\t\t\t\t<i aria-hidden=\"true\" class=\"fas fa-comment-dollar\"><\/i>\t\t\t\t<\/span>\n\t\t\t<\/div>\n\t\t\t\n\t\t\t\t\t\t<div class=\"elementor-icon-box-content\">\n\n\t\t\t\t\t\t\t\t\t<h3 class=\"elementor-icon-box-title\">\n\t\t\t\t\t\t<span  >\n\t\t\t\t\t\t\tArancel\t\t\t\t\t\t<\/span>\n\t\t\t\t\t<\/h3>\n\t\t\t\t\n\t\t\t\t\t\t\t\t\t<p class=\"elementor-icon-box-description\">\n\t\t\t\t\t\t$ 3.400.000\t\t\t\t\t<\/p>\n\t\t\t\t\n\t\t\t<\/div>\n\t\t\t\n\t\t<\/div>\n\t\t\t\t<\/div>\n\t\t\t\t<\/div>\n\t\t\t\t\t<\/div>\n\t\t<\/div>\n\t\t\t\t\t<\/div>\n\t\t<\/section>\n\t\t\t\t<section class=\"ob-is-breaking-bad elementor-section elementor-top-section elementor-element elementor-element-badcd08 elementor-section-boxed elementor-section-height-default elementor-section-height-default\" data-id=\"badcd08\" data-element_type=\"section\" data-settings=\"{&quot;_ob_bbad_use_it&quot;:&quot;yes&quot;,&quot;_ob_bbad_sssic_use&quot;:&quot;no&quot;,&quot;_ob_glider_is_slider&quot;:&quot;no&quot;}\">\n\t\t\t\t\t\t<div class=\"elementor-container elementor-column-gap-default\">\n\t\t\t\t\t<div class=\"elementor-column elementor-col-50 elementor-top-column elementor-element elementor-element-5aa2abe\" data-id=\"5aa2abe\" data-element_type=\"column\" data-settings=\"{&quot;_ob_bbad_is_stalker&quot;:&quot;no&quot;,&quot;_ob_teleporter_use&quot;:false,&quot;_ob_column_hoveranimator&quot;:&quot;no&quot;,&quot;_ob_column_has_pseudo&quot;:&quot;no&quot;}\">\n\t\t\t<div class=\"elementor-widget-wrap elementor-element-populated\">\n\t\t\t\t\t\t<div class=\"elementor-element elementor-element-b7a9325 ob-has-background-overlay elementor-widget elementor-widget-video\" data-id=\"b7a9325\" data-element_type=\"widget\" data-settings=\"{&quot;youtube_url&quot;:&quot;https:\\\/\\\/youtu.be\\\/K2_vvJAZ4Fw&quot;,&quot;video_type&quot;:&quot;youtube&quot;,&quot;controls&quot;:&quot;yes&quot;,&quot;_ob_perspektive_use&quot;:&quot;no&quot;,&quot;_ob_poopart_use&quot;:&quot;yes&quot;,&quot;_ob_shadough_use&quot;:&quot;no&quot;,&quot;_ob_allow_hoveranimator&quot;:&quot;no&quot;,&quot;_ob_widget_stalker_use&quot;:&quot;no&quot;}\" data-widget_type=\"video.default\">\n\t\t\t\t<div class=\"elementor-widget-container\">\n\t\t\t\t\t<div class=\"elementor-wrapper elementor-open-inline\">\n\t\t\t<div class=\"elementor-video\"><\/div>\t\t<\/div>\n\t\t\t\t<\/div>\n\t\t\t\t<\/div>\n\t\t\t\t\t<\/div>\n\t\t<\/div>\n\t\t\t\t<div class=\"elementor-column elementor-col-50 elementor-top-column elementor-element elementor-element-7a87c4d\" data-id=\"7a87c4d\" data-element_type=\"column\" data-settings=\"{&quot;_ob_bbad_is_stalker&quot;:&quot;no&quot;,&quot;_ob_teleporter_use&quot;:false,&quot;_ob_column_hoveranimator&quot;:&quot;no&quot;,&quot;_ob_column_has_pseudo&quot;:&quot;no&quot;}\">\n\t\t\t<div class=\"elementor-widget-wrap elementor-element-populated\">\n\t\t\t\t\t\t<div class=\"elementor-element elementor-element-174fa48 elementor-widget__width-auto elementor-fixed ob-has-background-overlay elementor-widget elementor-widget-global elementor-global-566 elementor-widget-button\" data-id=\"174fa48\" data-element_type=\"widget\" data-settings=\"{&quot;_position&quot;:&quot;fixed&quot;,&quot;_ob_butterbutton_use_it&quot;:&quot;no&quot;,&quot;_ob_perspektive_use&quot;:&quot;no&quot;,&quot;_ob_poopart_use&quot;:&quot;yes&quot;,&quot;_ob_shadough_use&quot;:&quot;no&quot;,&quot;_ob_allow_hoveranimator&quot;:&quot;no&quot;,&quot;_ob_widget_stalker_use&quot;:&quot;no&quot;}\" data-widget_type=\"button.default\">\n\t\t\t\t<div class=\"elementor-widget-container\">\n\t\t\t\t\t<div class=\"elementor-button-wrapper\">\n\t\t\t<a class=\"elementor-button elementor-button-link elementor-size-sm\" href=\"#elementor-action%3Aaction%3Dpopup%3Aopen%26settings%3DeyJpZCI6IjU5MyIsInRvZ2dsZSI6ZmFsc2V9\">\n\t\t\t\t\t\t<span class=\"elementor-button-content-wrapper\">\n\t\t\t\t\t\t<span class=\"elementor-button-icon\">\n\t\t\t\t<i aria-hidden=\"true\" class=\"fab fa-rocketchat\"><\/i>\t\t\t<\/span>\n\t\t\t\t\t\t\t\t\t<span class=\"elementor-button-text\">Consulta aqu\u00ed <\/span>\n\t\t\t\t\t<\/span>\n\t\t\t\t\t<\/a>\n\t\t<\/div>\n\t\t\t\t<\/div>\n\t\t\t\t<\/div>\n\t\t\t\t<div class=\"elementor-element elementor-element-022100c ob-has-background-overlay ob-photomorph elementor-widget elementor-widget-image\" data-id=\"022100c\" data-element_type=\"widget\" data-settings=\"{&quot;_ob_photomorph_use&quot;:&quot;yes&quot;,&quot;_ob_perspektive_use&quot;:&quot;no&quot;,&quot;_ob_poopart_use&quot;:&quot;yes&quot;,&quot;_ob_shadough_use&quot;:&quot;no&quot;,&quot;_ob_allow_hoveranimator&quot;:&quot;no&quot;,&quot;_ob_widget_stalker_use&quot;:&quot;no&quot;}\" data-widget_type=\"image.default\">\n\t\t\t\t<div class=\"elementor-widget-container\">\n\t\t\t\t\t\t\t\t\t\t\t\t\t\t<a href=\"https:\/\/umcervantesecontinua.cl\/web3\/wp-content\/uploads\/2023\/10\/mallagestion1-1.gif\" data-elementor-open-lightbox=\"yes\" data-elementor-lightbox-title=\"mallagestion1 (1)\" data-e-action-hash=\"#elementor-action%3Aaction%3Dlightbox%26settings%3DeyJpZCI6MTkxMiwidXJsIjoiaHR0cHM6XC9cL3VtY2VydmFudGVzZWNvbnRpbnVhLmNsXC93ZWIzXC93cC1jb250ZW50XC91cGxvYWRzXC8yMDIzXC8xMFwvbWFsbGFnZXN0aW9uMS0xLmdpZiJ9\">\n\t\t\t\t\t\t\t<img decoding=\"async\" width=\"768\" height=\"571\" src=\"https:\/\/umcervantesecontinua.cl\/web3\/wp-content\/uploads\/2023\/10\/mallagestion1-1-768x571.gif\" class=\"attachment-medium_large size-medium_large wp-image-1912\" alt=\"\" srcset=\"https:\/\/umcervantesecontinua.cl\/web3\/wp-content\/uploads\/2023\/10\/mallagestion1-1-768x571.gif 768w, https:\/\/umcervantesecontinua.cl\/web3\/wp-content\/uploads\/2023\/10\/mallagestion1-1-300x223.gif 300w, https:\/\/umcervantesecontinua.cl\/web3\/wp-content\/uploads\/2023\/10\/mallagestion1-1-1024x762.gif 1024w, https:\/\/umcervantesecontinua.cl\/web3\/wp-content\/uploads\/2023\/10\/mallagestion1-1-1536x1143.gif 1536w, https:\/\/umcervantesecontinua.cl\/web3\/wp-content\/uploads\/2023\/10\/mallagestion1-1-2048x1524.gif 2048w\" sizes=\"(max-width: 768px) 100vw, 768px\" \/>\t\t\t\t\t\t\t\t<\/a>\n\t\t\t\t\t\t\t\t\t\t\t\t\t<\/div>\n\t\t\t\t<\/div>\n\t\t\t\t\t<\/div>\n\t\t<\/div>\n\t\t\t\t\t<\/div>\n\t\t<\/section>\n\t\t\t\t<section class=\"ob-is-breaking-bad elementor-section elementor-top-section elementor-element elementor-element-12f51f4 elementor-section-boxed elementor-section-height-default elementor-section-height-default\" data-id=\"12f51f4\" data-element_type=\"section\" data-settings=\"{&quot;_ob_bbad_use_it&quot;:&quot;yes&quot;,&quot;_ob_bbad_sssic_use&quot;:&quot;no&quot;,&quot;_ob_glider_is_slider&quot;:&quot;no&quot;}\">\n\t\t\t\t\t\t<div class=\"elementor-container elementor-column-gap-default\">\n\t\t\t\t\t<div class=\"elementor-column elementor-col-100 elementor-top-column elementor-element elementor-element-803d6e7\" data-id=\"803d6e7\" data-element_type=\"column\" data-settings=\"{&quot;_ob_bbad_is_stalker&quot;:&quot;no&quot;,&quot;_ob_teleporter_use&quot;:false,&quot;_ob_column_hoveranimator&quot;:&quot;no&quot;,&quot;_ob_column_has_pseudo&quot;:&quot;no&quot;}\">\n\t\t\t<div class=\"elementor-widget-wrap elementor-element-populated\">\n\t\t\t\t\t\t<div class=\"elementor-element elementor-element-7f9669e ob-has-background-overlay elementor-widget elementor-widget-toggle\" data-id=\"7f9669e\" data-element_type=\"widget\" data-settings=\"{&quot;_ob_perspektive_use&quot;:&quot;no&quot;,&quot;_ob_poopart_use&quot;:&quot;yes&quot;,&quot;_ob_shadough_use&quot;:&quot;no&quot;,&quot;_ob_allow_hoveranimator&quot;:&quot;no&quot;,&quot;_ob_widget_stalker_use&quot;:&quot;no&quot;}\" data-widget_type=\"toggle.default\">\n\t\t\t\t<div class=\"elementor-widget-container\">\n\t\t\t\t\t<div class=\"elementor-toggle\">\n\t\t\t\t\t\t\t<div class=\"elementor-toggle-item\">\n\t\t\t\t\t<div id=\"elementor-tab-title-1331\" class=\"elementor-tab-title\" data-tab=\"1\" role=\"button\" aria-controls=\"elementor-tab-content-1331\" aria-expanded=\"false\">\n\t\t\t\t\t\t\t\t\t\t\t\t<span class=\"elementor-toggle-icon elementor-toggle-icon-left\" aria-hidden=\"true\">\n\t\t\t\t\t\t\t\t\t\t\t\t\t\t\t<span class=\"elementor-toggle-icon-closed\"><i class=\"fas fa-caret-right\"><\/i><\/span>\n\t\t\t\t\t\t\t\t<span class=\"elementor-toggle-icon-opened\"><i class=\"elementor-toggle-icon-opened fas fa-caret-up\"><\/i><\/span>\n\t\t\t\t\t\t\t\t\t\t\t\t\t<\/span>\n\t\t\t\t\t\t\t\t\t\t\t\t<a class=\"elementor-toggle-title\" tabindex=\"0\">Objetivo<\/a>\n\t\t\t\t\t<\/div>\n\n\t\t\t\t\t<div id=\"elementor-tab-content-1331\" class=\"elementor-tab-content elementor-clearfix\" data-tab=\"1\" role=\"region\" aria-labelledby=\"elementor-tab-title-1331\"><p style=\"text-align: justify;\"><span style=\"color: var( --e-global-color-text );\"><b>Objetivo General del Programa<\/b><\/span><\/p>\n<p style=\"text-align: justify;\"><span style=\"color: var( --e-global-color-text );\">Desarrollar herramientas de gesti\u00f3n y liderazgo congruentes con los&nbsp;<\/span><span style=\"color: var( --e-global-color-text );\">requerimientos actuales en educaci\u00f3n, que permitan la transformaci\u00f3n de las&nbsp;<\/span><span style=\"color: var( --e-global-color-text );\">instituciones educativas en organizaciones con capacidad de cambio, efectivas en&nbsp;<\/span><span style=\"color: var( --e-global-color-text );\">lo pedag\u00f3gico y orientadas al logro de una educaci\u00f3n de calidad.<\/span><\/p>\n<p style=\"text-align: justify;\"><b>Objetivos Espec\u00edficos del programa<\/b><\/p>\n<p style=\"text-align: justify;\"><span style=\"color: var( --e-global-color-text );\">1. Formar habilidades para la Gesti\u00f3n de Calidad, que respondan a una sociedad&nbsp;<\/span><span style=\"color: var( --e-global-color-text );\">globalizada, de realidades complejas y diversas, aplicando modelos de calidad&nbsp;<\/span><span style=\"color: var( --e-global-color-text );\">que fomenten el cambio y desarrollo organizacional.<\/span><br><\/p>\n<p style=\"text-align: justify;\">2. Promover estilos de liderazgo pedag\u00f3gico centrados en el estudiante,&nbsp;<span style=\"color: var( --e-global-color-text );\">enfatizando la innovaci\u00f3n metodol\u00f3gica y tecnol\u00f3gica.<\/span><\/p>\n<p style=\"text-align: justify;\">3. Entregar herramientas efectivas en aspectos ligados al liderazgo y gesti\u00f3n de&nbsp;<span style=\"color: var( --e-global-color-text );\">espacios educativos en que se desempe\u00f1a, con \u00e9nfasis en las relaciones&nbsp;<\/span><span style=\"color: var( --e-global-color-text );\">humanas, valorando e integrando las diferencias de pensamiento en el entorno&nbsp;<\/span><span style=\"color: var( --e-global-color-text );\">laboral y social.<\/span><\/p>\n<p style=\"text-align: justify;\">4. Proporcionar herramientas que promuevan el emprendimiento de cada uno de&nbsp;<span style=\"color: var( --e-global-color-text );\">los integrantes de los equipos en que trabajan, bajo el prisma y modelo de gesti\u00f3n&nbsp;<\/span><span style=\"color: var( --e-global-color-text );\">de calidad.<\/span><\/p>\n<p style=\"text-align: justify;\">5. Gestionar el conocimiento proveniente de investigaciones y estudios en&nbsp;<span style=\"color: var( --e-global-color-text );\">educaci\u00f3n, que permitan la previsi\u00f3n, innovaci\u00f3n y respuesta oportuna a las&nbsp;<\/span><span style=\"color: var( --e-global-color-text );\">diversas demandas del sistema educativo<\/span><\/p><\/div>\n\t\t\t\t<\/div>\n\t\t\t\t\t\t\t<div class=\"elementor-toggle-item\">\n\t\t\t\t\t<div id=\"elementor-tab-title-1332\" class=\"elementor-tab-title\" data-tab=\"2\" role=\"button\" aria-controls=\"elementor-tab-content-1332\" aria-expanded=\"false\">\n\t\t\t\t\t\t\t\t\t\t\t\t<span class=\"elementor-toggle-icon elementor-toggle-icon-left\" aria-hidden=\"true\">\n\t\t\t\t\t\t\t\t\t\t\t\t\t\t\t<span class=\"elementor-toggle-icon-closed\"><i class=\"fas fa-caret-right\"><\/i><\/span>\n\t\t\t\t\t\t\t\t<span class=\"elementor-toggle-icon-opened\"><i class=\"elementor-toggle-icon-opened fas fa-caret-up\"><\/i><\/span>\n\t\t\t\t\t\t\t\t\t\t\t\t\t<\/span>\n\t\t\t\t\t\t\t\t\t\t\t\t<a class=\"elementor-toggle-title\" tabindex=\"0\">Nivel Acad\u00e9mico<\/a>\n\t\t\t\t\t<\/div>\n\n\t\t\t\t\t<div id=\"elementor-tab-content-1332\" class=\"elementor-tab-content elementor-clearfix\" data-tab=\"2\" role=\"region\" aria-labelledby=\"elementor-tab-title-1332\"><p>Mag\u00edster Profesional<\/p><\/div>\n\t\t\t\t<\/div>\n\t\t\t\t\t\t\t<div class=\"elementor-toggle-item\">\n\t\t\t\t\t<div id=\"elementor-tab-title-1333\" class=\"elementor-tab-title\" data-tab=\"3\" role=\"button\" aria-controls=\"elementor-tab-content-1333\" aria-expanded=\"false\">\n\t\t\t\t\t\t\t\t\t\t\t\t<span class=\"elementor-toggle-icon elementor-toggle-icon-left\" aria-hidden=\"true\">\n\t\t\t\t\t\t\t\t\t\t\t\t\t\t\t<span class=\"elementor-toggle-icon-closed\"><i class=\"fas fa-caret-right\"><\/i><\/span>\n\t\t\t\t\t\t\t\t<span class=\"elementor-toggle-icon-opened\"><i class=\"elementor-toggle-icon-opened fas fa-caret-up\"><\/i><\/span>\n\t\t\t\t\t\t\t\t\t\t\t\t\t<\/span>\n\t\t\t\t\t\t\t\t\t\t\t\t<a class=\"elementor-toggle-title\" tabindex=\"0\">\u00c1mbito de Desempe\u00f1o<\/a>\n\t\t\t\t\t<\/div>\n\n\t\t\t\t\t<div id=\"elementor-tab-content-1333\" class=\"elementor-tab-content elementor-clearfix\" data-tab=\"3\" role=\"region\" aria-labelledby=\"elementor-tab-title-1333\"><p style=\"text-align: justify;\">El campo de acci\u00f3n del Mag\u00edster en Educaci\u00f3n menci\u00f3n Gesti\u00f3n de Calidad\u00a0est\u00e1 relacionado con los distintos \u00e1mbitos de acci\u00f3n del Sistema Educacional:<\/p><ul><li style=\"text-align: justify;\">Dise\u00f1ando sistemas de aprendizaje que promueven la colaboraci\u00f3n, las relaciones de aceptaci\u00f3n, equidad, solidaridad, y el desarrollo de habilidades cognitivas superiores; situando al aprendizaje en los par\u00e1metros del saber, procedimentales y actitudinales.<\/li><li style=\"text-align: justify;\">Participando de procesos investigativos en escuelas u organizaciones del sistema educacional, aplicando resultados de investigaciones educativas a modelos de gesti\u00f3n de calidad.<\/li><li style=\"text-align: justify;\">Dirigiendo y participando de los procesos de generaci\u00f3n, formulaci\u00f3n y difusi\u00f3n de conocimiento individual y colectivo en t\u00e9rminos de tareas colaborativas y cooperativas, que faciliten la emergencia de soluciones concretas y sostenibles a problemas del contexto educativo en que se inserta.<\/li><li style=\"text-align: justify;\">Administrando sistemas de calidad con competencias t\u00e9cnico-directivas necesarias para la selecci\u00f3n, aplicaci\u00f3n y desarrollo de herramientas que promuevan modelos de aseguramiento y gesti\u00f3n de la calidad en las escuelas u organizaciones del sistema educativo en un entorno globalizado.<\/li><\/ul><\/div>\n\t\t\t\t<\/div>\n\t\t\t\t\t\t\t<div class=\"elementor-toggle-item\">\n\t\t\t\t\t<div id=\"elementor-tab-title-1334\" class=\"elementor-tab-title\" data-tab=\"4\" role=\"button\" aria-controls=\"elementor-tab-content-1334\" aria-expanded=\"false\">\n\t\t\t\t\t\t\t\t\t\t\t\t<span class=\"elementor-toggle-icon elementor-toggle-icon-left\" aria-hidden=\"true\">\n\t\t\t\t\t\t\t\t\t\t\t\t\t\t\t<span class=\"elementor-toggle-icon-closed\"><i class=\"fas fa-caret-right\"><\/i><\/span>\n\t\t\t\t\t\t\t\t<span class=\"elementor-toggle-icon-opened\"><i class=\"elementor-toggle-icon-opened fas fa-caret-up\"><\/i><\/span>\n\t\t\t\t\t\t\t\t\t\t\t\t\t<\/span>\n\t\t\t\t\t\t\t\t\t\t\t\t<a class=\"elementor-toggle-title\" tabindex=\"0\">Metodolog\u00eda<\/a>\n\t\t\t\t\t<\/div>\n\n\t\t\t\t\t<div id=\"elementor-tab-content-1334\" class=\"elementor-tab-content elementor-clearfix\" data-tab=\"4\" role=\"region\" aria-labelledby=\"elementor-tab-title-1334\"><p><span style=\"font-size: 17px; background-color: #f7fafc;\">Nuestros programas\u00a0 se cimenta en una metodolog\u00eda de corte activo participativa, en la que el estudiante desarrollar\u00e1 una actuaci\u00f3n ligada al paradigma constructivista, cuyos aprendizajes, los ir\u00e1 adquiriendo a trav\u00e9s del uso de herramientas tecnol\u00f3gicas, como lo es la plataforma e-learning.\u00a0 Dicha plataforma, cuenta con una variedad de actividades formativas, que ayudar\u00e1n a contextualizar los contenidos, otorg\u00e1ndoles la funcionalidad adecuada para proyectarlos a una realidad escolar espec\u00edfica.<\/span><\/p><\/div>\n\t\t\t\t<\/div>\n\t\t\t\t\t\t\t<div class=\"elementor-toggle-item\">\n\t\t\t\t\t<div id=\"elementor-tab-title-1335\" class=\"elementor-tab-title\" data-tab=\"5\" role=\"button\" aria-controls=\"elementor-tab-content-1335\" aria-expanded=\"false\">\n\t\t\t\t\t\t\t\t\t\t\t\t<span class=\"elementor-toggle-icon elementor-toggle-icon-left\" aria-hidden=\"true\">\n\t\t\t\t\t\t\t\t\t\t\t\t\t\t\t<span class=\"elementor-toggle-icon-closed\"><i class=\"fas fa-caret-right\"><\/i><\/span>\n\t\t\t\t\t\t\t\t<span class=\"elementor-toggle-icon-opened\"><i class=\"elementor-toggle-icon-opened fas fa-caret-up\"><\/i><\/span>\n\t\t\t\t\t\t\t\t\t\t\t\t\t<\/span>\n\t\t\t\t\t\t\t\t\t\t\t\t<a class=\"elementor-toggle-title\" tabindex=\"0\">Destinatarios<\/a>\n\t\t\t\t\t<\/div>\n\n\t\t\t\t\t<div id=\"elementor-tab-content-1335\" class=\"elementor-tab-content elementor-clearfix\" data-tab=\"5\" role=\"region\" aria-labelledby=\"elementor-tab-title-1335\"><p style=\"text-align: justify;\">El programa por su naturaleza est\u00e1 dirigido a\u00a0los profesionales de la educaci\u00f3n y otros profesionales afines que desean desempe\u00f1arse en cargos de liderazgo y gesti\u00f3n tanto en centros educativos (y en los distintos niveles del sistema) como en organismos municipales, gubernamentales y no gubernamentales vinculados a la educaci\u00f3n.<\/p><\/div>\n\t\t\t\t<\/div>\n\t\t\t\t\t\t\t<div class=\"elementor-toggle-item\">\n\t\t\t\t\t<div id=\"elementor-tab-title-1336\" class=\"elementor-tab-title\" data-tab=\"6\" role=\"button\" aria-controls=\"elementor-tab-content-1336\" aria-expanded=\"false\">\n\t\t\t\t\t\t\t\t\t\t\t\t<span class=\"elementor-toggle-icon elementor-toggle-icon-left\" aria-hidden=\"true\">\n\t\t\t\t\t\t\t\t\t\t\t\t\t\t\t<span class=\"elementor-toggle-icon-closed\"><i class=\"fas fa-caret-right\"><\/i><\/span>\n\t\t\t\t\t\t\t\t<span class=\"elementor-toggle-icon-opened\"><i class=\"elementor-toggle-icon-opened fas fa-caret-up\"><\/i><\/span>\n\t\t\t\t\t\t\t\t\t\t\t\t\t<\/span>\n\t\t\t\t\t\t\t\t\t\t\t\t<a class=\"elementor-toggle-title\" tabindex=\"0\">Requisitos de Admisi\u00f3n<\/a>\n\t\t\t\t\t<\/div>\n\n\t\t\t\t\t<div id=\"elementor-tab-content-1336\" class=\"elementor-tab-content elementor-clearfix\" data-tab=\"6\" role=\"region\" aria-labelledby=\"elementor-tab-title-1336\"><ul style=\"margin: 0px 0px 1.5em 1.5em; padding: 0px; list-style-position: initial; list-style-image: initial; font-size: 17px; text-align: justify; background-color: #f7fafc;\"><li>Estar en posesi\u00f3n de una Licenciatura, t\u00edtulo profesional\u00a0 relacionado con el \u00e1rea de la educaci\u00f3n , y\/o ser un profesional que se desempe\u00f1e en el \u00e1rea.<\/li><\/ul><\/div>\n\t\t\t\t<\/div>\n\t\t\t\t\t\t\t<div class=\"elementor-toggle-item\">\n\t\t\t\t\t<div id=\"elementor-tab-title-1337\" class=\"elementor-tab-title\" data-tab=\"7\" role=\"button\" aria-controls=\"elementor-tab-content-1337\" aria-expanded=\"false\">\n\t\t\t\t\t\t\t\t\t\t\t\t<span class=\"elementor-toggle-icon elementor-toggle-icon-left\" aria-hidden=\"true\">\n\t\t\t\t\t\t\t\t\t\t\t\t\t\t\t<span class=\"elementor-toggle-icon-closed\"><i class=\"fas fa-caret-right\"><\/i><\/span>\n\t\t\t\t\t\t\t\t<span class=\"elementor-toggle-icon-opened\"><i class=\"elementor-toggle-icon-opened fas fa-caret-up\"><\/i><\/span>\n\t\t\t\t\t\t\t\t\t\t\t\t\t<\/span>\n\t\t\t\t\t\t\t\t\t\t\t\t<a class=\"elementor-toggle-title\" tabindex=\"0\">Documentos solicitados para la matr\u00edcula<\/a>\n\t\t\t\t\t<\/div>\n\n\t\t\t\t\t<div id=\"elementor-tab-content-1337\" class=\"elementor-tab-content elementor-clearfix\" data-tab=\"7\" role=\"region\" aria-labelledby=\"elementor-tab-title-1337\"><ul><li>Certificado original del T\u00edtulo Profesional o de Licenciatura,\u00a0 o copia legalizada del original ante notario p\u00fablico, o bien, certificado de registro de profesionales del Registro Civil.<\/li><li>Completar la documentaci\u00f3n solicitada para la matr\u00edcula<\/li><\/ul><\/div>\n\t\t\t\t<\/div>\n\t\t\t\t\t\t\t<div class=\"elementor-toggle-item\">\n\t\t\t\t\t<div id=\"elementor-tab-title-1338\" class=\"elementor-tab-title\" data-tab=\"8\" role=\"button\" aria-controls=\"elementor-tab-content-1338\" aria-expanded=\"false\">\n\t\t\t\t\t\t\t\t\t\t\t\t<span class=\"elementor-toggle-icon elementor-toggle-icon-left\" aria-hidden=\"true\">\n\t\t\t\t\t\t\t\t\t\t\t\t\t\t\t<span class=\"elementor-toggle-icon-closed\"><i class=\"fas fa-caret-right\"><\/i><\/span>\n\t\t\t\t\t\t\t\t<span class=\"elementor-toggle-icon-opened\"><i class=\"elementor-toggle-icon-opened fas fa-caret-up\"><\/i><\/span>\n\t\t\t\t\t\t\t\t\t\t\t\t\t<\/span>\n\t\t\t\t\t\t\t\t\t\t\t\t<a class=\"elementor-toggle-title\" tabindex=\"0\">Evaluaci\u00f3n<\/a>\n\t\t\t\t\t<\/div>\n\n\t\t\t\t\t<div id=\"elementor-tab-content-1338\" class=\"elementor-tab-content elementor-clearfix\" data-tab=\"8\" role=\"region\" aria-labelledby=\"elementor-tab-title-1338\"><ul><li>Prueba en L\u00ednea para cada Asignatura.<\/li><li>Examen Integrativo en L\u00ednea por Semestre.<\/li><li>Examen Anual en L\u00ednea.<\/li><li>Participaci\u00f3n en Actividades de la Plataforma Virtual.<\/li><li>Actividad de aplicaci\u00f3n.<\/li><li>Trabajo de grado<\/li><\/ul><\/div>\n\t\t\t\t<\/div>\n\t\t\t\t\t\t\t<div class=\"elementor-toggle-item\">\n\t\t\t\t\t<div id=\"elementor-tab-title-1339\" class=\"elementor-tab-title\" data-tab=\"9\" role=\"button\" aria-controls=\"elementor-tab-content-1339\" aria-expanded=\"false\">\n\t\t\t\t\t\t\t\t\t\t\t\t<span class=\"elementor-toggle-icon elementor-toggle-icon-left\" aria-hidden=\"true\">\n\t\t\t\t\t\t\t\t\t\t\t\t\t\t\t<span class=\"elementor-toggle-icon-closed\"><i class=\"fas fa-caret-right\"><\/i><\/span>\n\t\t\t\t\t\t\t\t<span class=\"elementor-toggle-icon-opened\"><i class=\"elementor-toggle-icon-opened fas fa-caret-up\"><\/i><\/span>\n\t\t\t\t\t\t\t\t\t\t\t\t\t<\/span>\n\t\t\t\t\t\t\t\t\t\t\t\t<a class=\"elementor-toggle-title\" tabindex=\"0\">Duraci\u00f3n del programa<\/a>\n\t\t\t\t\t<\/div>\n\n\t\t\t\t\t<div id=\"elementor-tab-content-1339\" class=\"elementor-tab-content elementor-clearfix\" data-tab=\"9\" role=\"region\" aria-labelledby=\"elementor-tab-title-1339\"><p>\u00a0 \u00a03 Semestres<\/p><\/div>\n\t\t\t\t<\/div>\n\t\t\t\t\t\t\t<div class=\"elementor-toggle-item\">\n\t\t\t\t\t<div id=\"elementor-tab-title-13310\" class=\"elementor-tab-title\" data-tab=\"10\" role=\"button\" aria-controls=\"elementor-tab-content-13310\" aria-expanded=\"false\">\n\t\t\t\t\t\t\t\t\t\t\t\t<span class=\"elementor-toggle-icon elementor-toggle-icon-left\" aria-hidden=\"true\">\n\t\t\t\t\t\t\t\t\t\t\t\t\t\t\t<span class=\"elementor-toggle-icon-closed\"><i class=\"fas fa-caret-right\"><\/i><\/span>\n\t\t\t\t\t\t\t\t<span class=\"elementor-toggle-icon-opened\"><i class=\"elementor-toggle-icon-opened fas fa-caret-up\"><\/i><\/span>\n\t\t\t\t\t\t\t\t\t\t\t\t\t<\/span>\n\t\t\t\t\t\t\t\t\t\t\t\t<a class=\"elementor-toggle-title\" tabindex=\"0\">Valor del programa<\/a>\n\t\t\t\t\t<\/div>\n\n\t\t\t\t\t<div id=\"elementor-tab-content-13310\" class=\"elementor-tab-content elementor-clearfix\" data-tab=\"10\" role=\"region\" aria-labelledby=\"elementor-tab-title-13310\"><p>$3.400.000.-<\/p><p>*Hasta en 30 cuotas de $113.333 c\/u<\/p><\/div>\n\t\t\t\t<\/div>\n\t\t\t\t\t\t\t<div class=\"elementor-toggle-item\">\n\t\t\t\t\t<div id=\"elementor-tab-title-13311\" class=\"elementor-tab-title\" data-tab=\"11\" role=\"button\" aria-controls=\"elementor-tab-content-13311\" aria-expanded=\"false\">\n\t\t\t\t\t\t\t\t\t\t\t\t<span class=\"elementor-toggle-icon elementor-toggle-icon-left\" aria-hidden=\"true\">\n\t\t\t\t\t\t\t\t\t\t\t\t\t\t\t<span class=\"elementor-toggle-icon-closed\"><i class=\"fas fa-caret-right\"><\/i><\/span>\n\t\t\t\t\t\t\t\t<span class=\"elementor-toggle-icon-opened\"><i class=\"elementor-toggle-icon-opened fas fa-caret-up\"><\/i><\/span>\n\t\t\t\t\t\t\t\t\t\t\t\t\t<\/span>\n\t\t\t\t\t\t\t\t\t\t\t\t<a class=\"elementor-toggle-title\" tabindex=\"0\">Formas de pago<\/a>\n\t\t\t\t\t<\/div>\n\n\t\t\t\t\t<div id=\"elementor-tab-content-13311\" class=\"elementor-tab-content elementor-clearfix\" data-tab=\"11\" role=\"region\" aria-labelledby=\"elementor-tab-title-13311\"><ul style=\"margin: 0px 0px 1.5em 1.5em; padding: 0px; list-style-position: initial; list-style-image: initial; font-size: 17px; background-color: #f7fafc;\"><li>Contado.<\/li><li>PAC.<\/li><li>Descuento por Planilla.<\/li><li>Cheques a Fecha.<\/li><li>Transferencia Electr\u00f3nica.<\/li><\/ul><\/div>\n\t\t\t\t<\/div>\n\t\t\t\t\t\t\t\t<\/div>\n\t\t\t\t<\/div>\n\t\t\t\t<\/div>\n\t\t\t\t\t<\/div>\n\t\t<\/div>\n\t\t\t\t\t<\/div>\n\t\t<\/section>\n\t\t\t\t<\/div>\n\t\t","protected":false},"excerpt":{"rendered":"<p>Aula Virtual Mag\u00edster Profesional en Educaci\u00f3n menci\u00f3n Gesti\u00f3n de&nbsp;Calidad El programa de Mag\u00edster Profesional en Educaci\u00f3n menci\u00f3n Gesti\u00f3n de Calidad, responde a la necesidad de perfeccionamiento de los profesionales de la educaci\u00f3n que comprenden los distintos niveles del sistema educativo (Educaci\u00f3n Parvularia, Educaci\u00f3n B\u00e1sica, Educaci\u00f3n Media y Superior), en cuanto al manejo de herramientas de&#8230;<\/p>\n","protected":false},"author":1,"featured_media":0,"parent":0,"menu_order":0,"comment_status":"closed","ping_status":"closed","template":"","meta":{"_kad_post_transparent":"","_kad_post_title":"hide","_kad_post_layout":"fullwidth","_kad_post_sidebar_id":"","_kad_post_content_style":"unboxed","_kad_post_vertical_padding":"hide","_kad_post_feature":"hide","_kad_post_feature_position":"","_kad_post_header":false,"_kad_post_footer":false,"footnotes":""},"class_list":["post-287","page","type-page","status-publish","hentry"],"_links":{"self":[{"href":"https:\/\/umcervantesecontinua.cl\/web3\/wp-json\/wp\/v2\/pages\/287","targetHints":{"allow":["GET"]}}],"collection":[{"href":"https:\/\/umcervantesecontinua.cl\/web3\/wp-json\/wp\/v2\/pages"}],"about":[{"href":"https:\/\/umcervantesecontinua.cl\/web3\/wp-json\/wp\/v2\/types\/page"}],"author":[{"embeddable":true,"href":"https:\/\/umcervantesecontinua.cl\/web3\/wp-json\/wp\/v2\/users\/1"}],"replies":[{"embeddable":true,"href":"https:\/\/umcervantesecontinua.cl\/web3\/wp-json\/wp\/v2\/comments?post=287"}],"version-history":[{"count":140,"href":"https:\/\/umcervantesecontinua.cl\/web3\/wp-json\/wp\/v2\/pages\/287\/revisions"}],"predecessor-version":[{"id":2359,"href":"https:\/\/umcervantesecontinua.cl\/web3\/wp-json\/wp\/v2\/pages\/287\/revisions\/2359"}],"wp:attachment":[{"href":"https:\/\/umcervantesecontinua.cl\/web3\/wp-json\/wp\/v2\/media?parent=287"}],"curies":[{"name":"wp","href":"https:\/\/api.w.org\/{rel}","templated":true}]}}