{"id":317,"date":"2023-01-13T00:37:21","date_gmt":"2023-01-13T00:37:21","guid":{"rendered":"https:\/\/umcervantesecontinua.cl\/web3\/?page_id=317"},"modified":"2025-12-22T16:54:37","modified_gmt":"2025-12-22T19:54:37","slug":"elementor-11-copy","status":"publish","type":"page","link":"https:\/\/umcervantesecontinua.cl\/web3\/","title":{"rendered":"Home"},"content":{"rendered":"\t\t<div data-elementor-type=\"wp-page\" data-elementor-id=\"317\" class=\"elementor elementor-317\" data-elementor-post-type=\"page\">\n\t\t\t\t\t\t<section class=\"ob-is-breaking-bad elementor-section elementor-top-section elementor-element elementor-element-2de9145 elementor-section-full_width elementor-section-height-min-height elementor-section-items-top elementor-section-content-top elementor-section-height-default ob-is-glider\" data-id=\"2de9145\" data-element_type=\"section\" data-settings=\"{&quot;_ob_glider_is_slider&quot;:&quot;yes&quot;,&quot;_ob_glider_auto_h&quot;:&quot;yes&quot;,&quot;_ob_glider_speed&quot;:300,&quot;_ob_glider_allow_mousewheel&quot;:&quot;yes&quot;,&quot;_ob_glider_roundlengths_slides&quot;:&quot;yes&quot;,&quot;_ob_glider_autoplay&quot;:&quot;true&quot;,&quot;_ob_glider_autoplay_delay&quot;:5000,&quot;_ob_glider_add_navig&quot;:&quot;none&quot;,&quot;_ob_bbad_use_it&quot;:&quot;yes&quot;,&quot;_ob_bbad_sssic_use&quot;:&quot;no&quot;,&quot;_ob_glider_loop&quot;:&quot;yes&quot;,&quot;_ob_glider_direction&quot;:&quot;horizontal&quot;,&quot;_ob_glider_effect&quot;:&quot;slide&quot;,&quot;_ob_glider_effect_easing&quot;:&quot;ease-in-out&quot;,&quot;_ob_glider_parallax&quot;:&quot;yes&quot;,&quot;_ob_glider_allow_touch_move&quot;:&quot;yes&quot;}\">\n\t\t\t\t\t\t\t<div class=\"elementor-background-overlay\"><\/div>\n\t\t\t\t\t\t\t<div class=\"elementor-container elementor-column-gap-default\">\n\t\t\t\t\t<div class=\"elementor-column elementor-col-100 elementor-top-column elementor-element elementor-element-5af49e0\" data-id=\"5af49e0\" data-element_type=\"column\" data-settings=\"{&quot;background_background&quot;:&quot;classic&quot;,&quot;_ob_bbad_is_stalker&quot;:&quot;no&quot;,&quot;_ob_teleporter_use&quot;:false,&quot;_ob_column_hoveranimator&quot;:&quot;no&quot;,&quot;_ob_column_has_pseudo&quot;:&quot;no&quot;}\">\n\t\t\t<div class=\"elementor-widget-wrap elementor-element-populated\">\n\t\t\t\t\t<div class=\"elementor-background-overlay\"><\/div>\n\t\t\t\t\t\t<div class=\"elementor-element elementor-element-3e41857 ob-harakiri-inherit ob-has-background-overlay elementor-widget elementor-widget-heading\" data-id=\"3e41857\" data-element_type=\"widget\" data-settings=\"{&quot;_ob_use_harakiri&quot;:&quot;yes&quot;,&quot;_ob_harakiri_writing_mode&quot;:&quot;inherit&quot;,&quot;_ob_harakiri_text_clip&quot;:&quot;none&quot;,&quot;_ob_perspektive_use&quot;:&quot;no&quot;,&quot;_ob_poopart_use&quot;:&quot;yes&quot;,&quot;_ob_shadough_use&quot;:&quot;no&quot;,&quot;_ob_allow_hoveranimator&quot;:&quot;no&quot;,&quot;_ob_widget_stalker_use&quot;:&quot;no&quot;}\" data-widget_type=\"heading.default\">\n\t\t\t\t<div class=\"elementor-widget-container\">\n\t\t\t<h3 class=\"elementor-heading-title elementor-size-default\">MATR\u00cdCULAS ABIERTAS<br>\n<br>\nTu futuro comienza aqu\u00ed.<\/h3>\t\t<\/div>\n\t\t\t\t<\/div>\n\t\t\t\t\t<\/div>\n\t\t<\/div>\n\t\t\t\t\t<\/div>\n\t\t<\/section>\n\t\t\t\t<section class=\"ob-is-breaking-bad elementor-section elementor-top-section elementor-element elementor-element-08b041f elementor-section-boxed elementor-section-height-default elementor-section-height-default\" data-id=\"08b041f\" data-element_type=\"section\" data-settings=\"{&quot;_ob_bbad_use_it&quot;:&quot;yes&quot;,&quot;_ob_bbad_sssic_use&quot;:&quot;no&quot;,&quot;_ob_glider_is_slider&quot;:&quot;no&quot;}\">\n\t\t\t\t\t\t<div class=\"elementor-container elementor-column-gap-default\">\n\t\t\t\t\t<div class=\"elementor-column elementor-col-100 elementor-top-column elementor-element elementor-element-c9bc56b\" data-id=\"c9bc56b\" data-element_type=\"column\" data-settings=\"{&quot;_ob_bbad_is_stalker&quot;:&quot;no&quot;,&quot;_ob_teleporter_use&quot;:false,&quot;_ob_column_hoveranimator&quot;:&quot;no&quot;,&quot;_ob_column_has_pseudo&quot;:&quot;no&quot;}\">\n\t\t\t<div class=\"elementor-widget-wrap\">\n\t\t\t\t\t\t\t<\/div>\n\t\t<\/div>\n\t\t\t\t\t<\/div>\n\t\t<\/section>\n\t\t\t\t<section class=\"ob-is-breaking-bad elementor-section elementor-top-section elementor-element elementor-element-8e3c3f1 elementor-section-boxed elementor-section-height-default elementor-section-height-default\" data-id=\"8e3c3f1\" data-element_type=\"section\" data-settings=\"{&quot;_ob_bbad_use_it&quot;:&quot;yes&quot;,&quot;_ob_bbad_sssic_use&quot;:&quot;no&quot;,&quot;_ob_glider_is_slider&quot;:&quot;no&quot;}\">\n\t\t\t\t\t\t<div class=\"elementor-container elementor-column-gap-default\">\n\t\t\t\t\t<div class=\"elementor-column elementor-col-100 elementor-top-column elementor-element elementor-element-c4cd34e\" data-id=\"c4cd34e\" data-element_type=\"column\" data-settings=\"{&quot;_ob_bbad_is_stalker&quot;:&quot;no&quot;,&quot;_ob_teleporter_use&quot;:false,&quot;_ob_column_hoveranimator&quot;:&quot;no&quot;,&quot;_ob_column_has_pseudo&quot;:&quot;no&quot;}\">\n\t\t\t<div class=\"elementor-widget-wrap elementor-element-populated\">\n\t\t\t\t\t\t<div class=\"elementor-element elementor-element-ede0bb1 ob-has-background-overlay elementor-widget elementor-widget-image\" data-id=\"ede0bb1\" data-element_type=\"widget\" data-settings=\"{&quot;_ob_photomorph_use&quot;:&quot;no&quot;,&quot;_ob_perspektive_use&quot;:&quot;no&quot;,&quot;_ob_poopart_use&quot;:&quot;yes&quot;,&quot;_ob_shadough_use&quot;:&quot;no&quot;,&quot;_ob_allow_hoveranimator&quot;:&quot;no&quot;,&quot;_ob_widget_stalker_use&quot;:&quot;no&quot;}\" data-widget_type=\"image.default\">\n\t\t\t\t<div class=\"elementor-widget-container\">\n\t\t\t\t\t\t\t\t\t\t\t\t\t<img decoding=\"async\" width=\"619\" height=\"43\" src=\"https:\/\/umcervantesecontinua.cl\/web3\/wp-content\/uploads\/2023\/08\/TELEFONOS.png\" class=\"attachment-full size-full wp-image-1556\" alt=\"\" srcset=\"https:\/\/umcervantesecontinua.cl\/web3\/wp-content\/uploads\/2023\/08\/TELEFONOS.png 619w, https:\/\/umcervantesecontinua.cl\/web3\/wp-content\/uploads\/2023\/08\/TELEFONOS-300x21.png 300w\" sizes=\"(max-width: 619px) 100vw, 619px\" \/>\t\t\t\t\t\t\t\t\t\t\t\t\t<\/div>\n\t\t\t\t<\/div>\n\t\t\t\t<div class=\"elementor-element elementor-element-5a671f4 elementor-widget__width-initial ob-has-background-overlay elementor-widget elementor-widget-image\" data-id=\"5a671f4\" data-element_type=\"widget\" data-settings=\"{&quot;_ob_photomorph_use&quot;:&quot;no&quot;,&quot;_ob_perspektive_use&quot;:&quot;no&quot;,&quot;_ob_poopart_use&quot;:&quot;yes&quot;,&quot;_ob_shadough_use&quot;:&quot;no&quot;,&quot;_ob_allow_hoveranimator&quot;:&quot;no&quot;,&quot;_ob_widget_stalker_use&quot;:&quot;no&quot;}\" data-widget_type=\"image.default\">\n\t\t\t\t<div class=\"elementor-widget-container\">\n\t\t\t\t\t\t\t\t\t\t\t\t\t<img decoding=\"async\" src=\"https:\/\/umcervantesecontinua.cl\/web3\/wp-content\/uploads\/elementor\/thumbs\/acreditacion_2025-re6171hp4bdj4cwq68kc693os0odf9jilcdalyho3c.jpg\" title=\"acreditacion_2025\" alt=\"acreditacion_2025\" loading=\"lazy\" \/>\t\t\t\t\t\t\t\t\t\t\t\t\t<\/div>\n\t\t\t\t<\/div>\n\t\t\t\t<div class=\"elementor-element elementor-element-137da58 elementor-widget__width-auto elementor-fixed ob-has-background-overlay elementor-widget elementor-widget-global elementor-global-566 elementor-widget-button\" data-id=\"137da58\" data-element_type=\"widget\" data-settings=\"{&quot;_position&quot;:&quot;fixed&quot;,&quot;_ob_butterbutton_use_it&quot;:&quot;no&quot;,&quot;_ob_perspektive_use&quot;:&quot;no&quot;,&quot;_ob_poopart_use&quot;:&quot;yes&quot;,&quot;_ob_shadough_use&quot;:&quot;no&quot;,&quot;_ob_allow_hoveranimator&quot;:&quot;no&quot;,&quot;_ob_widget_stalker_use&quot;:&quot;no&quot;}\" data-widget_type=\"button.default\">\n\t\t\t\t<div class=\"elementor-widget-container\">\n\t\t\t\t\t<div class=\"elementor-button-wrapper\">\n\t\t\t<a class=\"elementor-button elementor-button-link elementor-size-sm\" href=\"#elementor-action%3Aaction%3Dpopup%3Aopen%26settings%3DeyJpZCI6IjU5MyIsInRvZ2dsZSI6ZmFsc2V9\">\n\t\t\t\t\t\t<span class=\"elementor-button-content-wrapper\">\n\t\t\t\t\t\t<span class=\"elementor-button-icon\">\n\t\t\t\t<i aria-hidden=\"true\" class=\"fab fa-rocketchat\"><\/i>\t\t\t<\/span>\n\t\t\t\t\t\t\t\t\t<span class=\"elementor-button-text\">Consulta aqu\u00ed <\/span>\n\t\t\t\t\t<\/span>\n\t\t\t\t\t<\/a>\n\t\t<\/div>\n\t\t\t\t<\/div>\n\t\t\t\t<\/div>\n\t\t\t\t\t<\/div>\n\t\t<\/div>\n\t\t\t\t\t<\/div>\n\t\t<\/section>\n\t\t\t\t<section class=\"ob-is-breaking-bad elementor-section elementor-top-section elementor-element elementor-element-5f6da95 elementor-section-height-min-height elementor-section-boxed elementor-section-height-default elementor-section-items-middle\" data-id=\"5f6da95\" data-element_type=\"section\" id=\"magister\" data-settings=\"{&quot;background_background&quot;:&quot;classic&quot;,&quot;_ob_bbad_use_it&quot;:&quot;yes&quot;,&quot;_ob_bbad_sssic_use&quot;:&quot;no&quot;,&quot;_ob_glider_is_slider&quot;:&quot;no&quot;}\">\n\t\t\t\t\t\t\t<div class=\"elementor-background-overlay\"><\/div>\n\t\t\t\t\t\t\t<div class=\"elementor-container elementor-column-gap-custom\">\n\t\t\t\t\t<div class=\"elementor-column elementor-col-100 elementor-top-column elementor-element elementor-element-24baeb1\" data-id=\"24baeb1\" data-element_type=\"column\" data-settings=\"{&quot;_ob_bbad_is_stalker&quot;:&quot;no&quot;,&quot;_ob_teleporter_use&quot;:false,&quot;_ob_column_hoveranimator&quot;:&quot;no&quot;,&quot;_ob_column_has_pseudo&quot;:&quot;no&quot;}\">\n\t\t\t<div class=\"elementor-widget-wrap elementor-element-populated\">\n\t\t\t\t\t\t<div class=\"elementor-element elementor-element-23fa80e elementor-grid-1 elementor-fixed elementor-widget__width-auto elementor-shape-rounded e-grid-align-center ob-has-background-overlay elementor-widget elementor-widget-global elementor-global-560 elementor-widget-social-icons\" data-id=\"23fa80e\" data-element_type=\"widget\" data-settings=\"{&quot;_position&quot;:&quot;fixed&quot;,&quot;_ob_perspektive_use&quot;:&quot;no&quot;,&quot;_ob_poopart_use&quot;:&quot;yes&quot;,&quot;_ob_shadough_use&quot;:&quot;no&quot;,&quot;_ob_allow_hoveranimator&quot;:&quot;no&quot;,&quot;_ob_widget_stalker_use&quot;:&quot;no&quot;}\" data-widget_type=\"social-icons.default\">\n\t\t\t\t<div class=\"elementor-widget-container\">\n\t\t\t\t\t<div class=\"elementor-social-icons-wrapper elementor-grid\">\n\t\t\t\t\t\t\t<span class=\"elementor-grid-item\">\n\t\t\t\t\t<a class=\"elementor-icon elementor-social-icon elementor-social-icon-whatsapp elementor-repeater-item-ebdebc8\" href=\"https:\/\/wa.me\/+56944275066\" target=\"_blank\">\n\t\t\t\t\t\t<span class=\"elementor-screen-only\">Whatsapp<\/span>\n\t\t\t\t\t\t<i class=\"fab fa-whatsapp\"><\/i>\t\t\t\t\t<\/a>\n\t\t\t\t<\/span>\n\t\t\t\t\t\t\t<span class=\"elementor-grid-item\">\n\t\t\t\t\t<a class=\"elementor-icon elementor-social-icon elementor-social-icon-facebook elementor-repeater-item-ae1be80\" href=\"https:\/\/facebook.com\/postgradoseneducacion\" target=\"_blank\">\n\t\t\t\t\t\t<span class=\"elementor-screen-only\">Facebook<\/span>\n\t\t\t\t\t\t<i class=\"fab fa-facebook\"><\/i>\t\t\t\t\t<\/a>\n\t\t\t\t<\/span>\n\t\t\t\t\t<\/div>\n\t\t\t\t<\/div>\n\t\t\t\t<\/div>\n\t\t\t\t<div class=\"elementor-element elementor-element-d87b5b4 animated-slow ob-harakiri-inherit elementor-invisible ob-has-background-overlay elementor-widget elementor-widget-heading\" data-id=\"d87b5b4\" data-element_type=\"widget\" data-settings=\"{&quot;_animation&quot;:&quot;fadeInDown&quot;,&quot;_animation_delay&quot;:200,&quot;_ob_use_harakiri&quot;:&quot;yes&quot;,&quot;_ob_harakiri_writing_mode&quot;:&quot;inherit&quot;,&quot;_ob_harakiri_text_clip&quot;:&quot;none&quot;,&quot;_ob_perspektive_use&quot;:&quot;no&quot;,&quot;_ob_poopart_use&quot;:&quot;yes&quot;,&quot;_ob_shadough_use&quot;:&quot;no&quot;,&quot;_ob_allow_hoveranimator&quot;:&quot;no&quot;,&quot;_ob_widget_stalker_use&quot;:&quot;no&quot;}\" data-widget_type=\"heading.default\">\n\t\t\t\t<div class=\"elementor-widget-container\">\n\t\t\t<h1 class=\"elementor-heading-title elementor-size-default\">Mag\u00edster en Educaci\u00f3n<\/h1>\t\t<\/div>\n\t\t\t\t<\/div>\n\t\t\t\t\t<\/div>\n\t\t<\/div>\n\t\t\t\t\t<\/div>\n\t\t<\/section>\n\t\t\t\t<section class=\"ob-is-breaking-bad elementor-section elementor-top-section elementor-element elementor-element-abd9b2d elementor-section-boxed elementor-section-height-default elementor-section-height-default\" data-id=\"abd9b2d\" data-element_type=\"section\" data-settings=\"{&quot;_ob_bbad_use_it&quot;:&quot;yes&quot;,&quot;_ob_bbad_sssic_use&quot;:&quot;no&quot;,&quot;_ob_glider_is_slider&quot;:&quot;no&quot;}\">\n\t\t\t\t\t\t<div class=\"elementor-container elementor-column-gap-default\">\n\t\t\t\t\t<div class=\"elementor-column elementor-col-100 elementor-top-column elementor-element elementor-element-4edf5f4\" data-id=\"4edf5f4\" data-element_type=\"column\" data-settings=\"{&quot;_ob_bbad_is_stalker&quot;:&quot;no&quot;,&quot;_ob_teleporter_use&quot;:false,&quot;_ob_column_hoveranimator&quot;:&quot;no&quot;,&quot;_ob_column_has_pseudo&quot;:&quot;no&quot;}\">\n\t\t\t<div class=\"elementor-widget-wrap elementor-element-populated\">\n\t\t\t\t\t\t\t<\/div>\n\t\t<\/div>\n\t\t\t\t\t<\/div>\n\t\t<\/section>\n\t\t\t\t<section class=\"ob-is-breaking-bad elementor-section elementor-top-section elementor-element elementor-element-90edb99 elementor-section-boxed elementor-section-height-default elementor-section-height-default\" data-id=\"90edb99\" data-element_type=\"section\" data-settings=\"{&quot;_ob_bbad_use_it&quot;:&quot;yes&quot;,&quot;_ob_bbad_sssic_use&quot;:&quot;no&quot;,&quot;_ob_glider_is_slider&quot;:&quot;no&quot;}\">\n\t\t\t\t\t\t<div class=\"elementor-container elementor-column-gap-default\">\n\t\t\t\t\t<div class=\"elementor-column elementor-col-100 elementor-top-column elementor-element elementor-element-ebcec20\" data-id=\"ebcec20\" data-element_type=\"column\" data-settings=\"{&quot;_ob_bbad_is_stalker&quot;:&quot;no&quot;,&quot;_ob_teleporter_use&quot;:false,&quot;_ob_column_hoveranimator&quot;:&quot;no&quot;,&quot;_ob_column_has_pseudo&quot;:&quot;no&quot;}\">\n\t\t\t<div class=\"elementor-widget-wrap elementor-element-populated\">\n\t\t\t\t\t\t\t<\/div>\n\t\t<\/div>\n\t\t\t\t\t<\/div>\n\t\t<\/section>\n\t\t\t\t<section class=\"ob-is-breaking-bad elementor-section elementor-top-section elementor-element elementor-element-c6997e6 elementor-section-boxed elementor-section-height-default elementor-section-height-default\" data-id=\"c6997e6\" data-element_type=\"section\" data-settings=\"{&quot;_ob_bbad_use_it&quot;:&quot;yes&quot;,&quot;_ob_bbad_sssic_use&quot;:&quot;no&quot;,&quot;_ob_glider_is_slider&quot;:&quot;no&quot;}\">\n\t\t\t\t\t\t<div class=\"elementor-container elementor-column-gap-default\">\n\t\t\t\t\t<div class=\"elementor-column elementor-col-50 elementor-top-column elementor-element elementor-element-48911bc\" data-id=\"48911bc\" data-element_type=\"column\" data-settings=\"{&quot;_ob_bbad_is_stalker&quot;:&quot;no&quot;,&quot;_ob_teleporter_use&quot;:false,&quot;_ob_column_hoveranimator&quot;:&quot;no&quot;,&quot;_ob_column_has_pseudo&quot;:&quot;no&quot;}\">\n\t\t\t<div class=\"elementor-widget-wrap elementor-element-populated\">\n\t\t\t\t\t\t<div class=\"elementor-element elementor-element-03f0971 elementor-position-top ob-has-background-overlay elementor-widget elementor-widget-image-box\" data-id=\"03f0971\" data-element_type=\"widget\" data-settings=\"{&quot;_ob_perspektive_use&quot;:&quot;no&quot;,&quot;_ob_poopart_use&quot;:&quot;yes&quot;,&quot;_ob_shadough_use&quot;:&quot;no&quot;,&quot;_ob_allow_hoveranimator&quot;:&quot;no&quot;,&quot;_ob_widget_stalker_use&quot;:&quot;no&quot;}\" data-widget_type=\"image-box.default\">\n\t\t\t\t<div class=\"elementor-widget-container\">\n\t\t\t<div class=\"elementor-image-box-wrapper\"><figure class=\"elementor-image-box-img\"><a href=\"https:\/\/umcervantesecontinua.cl\/web3\/magister-en-educacion-con-mencion-en-curriculum-y-evaluacion-basado-en-competencias\/\" tabindex=\"-1\"><img fetchpriority=\"high\" decoding=\"async\" width=\"800\" height=\"621\" src=\"https:\/\/umcervantesecontinua.cl\/web3\/wp-content\/uploads\/2023\/01\/magistercurriculum.jpg\" class=\"attachment-2048x2048 size-2048x2048 wp-image-240\" alt=\"\" srcset=\"https:\/\/umcervantesecontinua.cl\/web3\/wp-content\/uploads\/2023\/01\/magistercurriculum.jpg 800w, https:\/\/umcervantesecontinua.cl\/web3\/wp-content\/uploads\/2023\/01\/magistercurriculum-300x233.jpg 300w, https:\/\/umcervantesecontinua.cl\/web3\/wp-content\/uploads\/2023\/01\/magistercurriculum-768x596.jpg 768w\" sizes=\"(max-width: 800px) 100vw, 800px\" \/><\/a><\/figure><div class=\"elementor-image-box-content\"><h5 class=\"elementor-image-box-title\"><a href=\"https:\/\/umcervantesecontinua.cl\/web3\/magister-en-educacion-con-mencion-en-curriculum-y-evaluacion-basado-en-competencias\/\">Mag\u00edster en Educaci\u00f3n menci\u00f3n en Curr\u00edculum y Evaluaci\u00f3n Basado en Competencias<\/a><\/h5><\/div><\/div>\t\t<\/div>\n\t\t\t\t<\/div>\n\t\t\t\t\t<\/div>\n\t\t<\/div>\n\t\t\t\t<div class=\"elementor-column elementor-col-50 elementor-top-column elementor-element elementor-element-9fc657e\" data-id=\"9fc657e\" data-element_type=\"column\" data-settings=\"{&quot;_ob_bbad_is_stalker&quot;:&quot;no&quot;,&quot;_ob_teleporter_use&quot;:false,&quot;_ob_column_hoveranimator&quot;:&quot;no&quot;,&quot;_ob_column_has_pseudo&quot;:&quot;no&quot;}\">\n\t\t\t<div class=\"elementor-widget-wrap elementor-element-populated\">\n\t\t\t\t\t\t<div class=\"elementor-element elementor-element-b8601f1 elementor-position-top ob-has-background-overlay elementor-widget elementor-widget-image-box\" data-id=\"b8601f1\" data-element_type=\"widget\" data-settings=\"{&quot;_ob_perspektive_use&quot;:&quot;no&quot;,&quot;_ob_poopart_use&quot;:&quot;yes&quot;,&quot;_ob_shadough_use&quot;:&quot;no&quot;,&quot;_ob_allow_hoveranimator&quot;:&quot;no&quot;,&quot;_ob_widget_stalker_use&quot;:&quot;no&quot;}\" data-widget_type=\"image-box.default\">\n\t\t\t\t<div class=\"elementor-widget-container\">\n\t\t\t<div class=\"elementor-image-box-wrapper\"><figure class=\"elementor-image-box-img\"><a href=\"https:\/\/umcervantesecontinua.cl\/web3\/magister-gestion-de-calidad\/\" tabindex=\"-1\"><img decoding=\"async\" width=\"800\" height=\"642\" src=\"https:\/\/umcervantesecontinua.cl\/web3\/wp-content\/uploads\/2023\/01\/magistergestion.jpg\" class=\"attachment-2048x2048 size-2048x2048 wp-image-241\" alt=\"\" srcset=\"https:\/\/umcervantesecontinua.cl\/web3\/wp-content\/uploads\/2023\/01\/magistergestion.jpg 800w, https:\/\/umcervantesecontinua.cl\/web3\/wp-content\/uploads\/2023\/01\/magistergestion-300x241.jpg 300w, https:\/\/umcervantesecontinua.cl\/web3\/wp-content\/uploads\/2023\/01\/magistergestion-768x616.jpg 768w\" sizes=\"(max-width: 800px) 100vw, 800px\" \/><\/a><\/figure><div class=\"elementor-image-box-content\"><h5 class=\"elementor-image-box-title\"><a href=\"https:\/\/umcervantesecontinua.cl\/web3\/magister-gestion-de-calidad\/\">Mag\u00edster en Educaci\u00f3n menci\u00f3n en Gesti\u00f3n de Calidad<\/a><\/h5><\/div><\/div>\t\t<\/div>\n\t\t\t\t<\/div>\n\t\t\t\t\t<\/div>\n\t\t<\/div>\n\t\t\t\t\t<\/div>\n\t\t<\/section>\n\t\t\t\t<section class=\"ob-is-breaking-bad elementor-section elementor-top-section elementor-element elementor-element-cf11d00 elementor-section-boxed elementor-section-height-default elementor-section-height-default\" data-id=\"cf11d00\" data-element_type=\"section\" data-settings=\"{&quot;_ob_bbad_use_it&quot;:&quot;yes&quot;,&quot;_ob_bbad_sssic_use&quot;:&quot;no&quot;,&quot;_ob_glider_is_slider&quot;:&quot;no&quot;}\">\n\t\t\t\t\t\t<div class=\"elementor-container elementor-column-gap-default\">\n\t\t\t\t\t<div class=\"elementor-column elementor-col-100 elementor-top-column elementor-element elementor-element-d47440d\" data-id=\"d47440d\" data-element_type=\"column\" data-settings=\"{&quot;_ob_bbad_is_stalker&quot;:&quot;no&quot;,&quot;_ob_teleporter_use&quot;:false,&quot;_ob_column_hoveranimator&quot;:&quot;no&quot;,&quot;_ob_column_has_pseudo&quot;:&quot;no&quot;}\">\n\t\t\t<div class=\"elementor-widget-wrap elementor-element-populated\">\n\t\t\t\t\t\t\t<\/div>\n\t\t<\/div>\n\t\t\t\t\t<\/div>\n\t\t<\/section>\n\t\t\t\t<section class=\"ob-is-breaking-bad elementor-section elementor-top-section elementor-element elementor-element-9bdfcaa elementor-section-boxed elementor-section-height-default elementor-section-height-default\" data-id=\"9bdfcaa\" data-element_type=\"section\" data-settings=\"{&quot;background_background&quot;:&quot;classic&quot;,&quot;_ob_bbad_use_it&quot;:&quot;yes&quot;,&quot;_ob_bbad_sssic_use&quot;:&quot;no&quot;,&quot;_ob_glider_is_slider&quot;:&quot;no&quot;}\">\n\t\t\t\t\t\t\t<div class=\"elementor-background-overlay\"><\/div>\n\t\t\t\t\t\t\t<div class=\"elementor-container elementor-column-gap-custom\">\n\t\t\t\t\t<div class=\"elementor-column elementor-col-100 elementor-top-column elementor-element elementor-element-21e8cd9\" data-id=\"21e8cd9\" data-element_type=\"column\" data-settings=\"{&quot;_ob_bbad_is_stalker&quot;:&quot;no&quot;,&quot;_ob_teleporter_use&quot;:false,&quot;_ob_column_hoveranimator&quot;:&quot;no&quot;,&quot;_ob_column_has_pseudo&quot;:&quot;no&quot;}\">\n\t\t\t<div class=\"elementor-widget-wrap elementor-element-populated\">\n\t\t\t\t\t\t<div class=\"elementor-element elementor-element-b333781 animated-slow ob-harakiri-inherit elementor-invisible ob-has-background-overlay elementor-widget elementor-widget-heading\" data-id=\"b333781\" data-element_type=\"widget\" id=\"postitulo\" data-settings=\"{&quot;_animation&quot;:&quot;fadeInDown&quot;,&quot;_animation_delay&quot;:200,&quot;_ob_use_harakiri&quot;:&quot;yes&quot;,&quot;_ob_harakiri_writing_mode&quot;:&quot;inherit&quot;,&quot;_ob_harakiri_text_clip&quot;:&quot;none&quot;,&quot;_ob_perspektive_use&quot;:&quot;no&quot;,&quot;_ob_poopart_use&quot;:&quot;yes&quot;,&quot;_ob_shadough_use&quot;:&quot;no&quot;,&quot;_ob_allow_hoveranimator&quot;:&quot;no&quot;,&quot;_ob_widget_stalker_use&quot;:&quot;no&quot;}\" data-widget_type=\"heading.default\">\n\t\t\t\t<div class=\"elementor-widget-container\">\n\t\t\t<h1 class=\"elementor-heading-title elementor-size-default\">Post\u00edtulos<\/h1>\t\t<\/div>\n\t\t\t\t<\/div>\n\t\t\t\t\t<\/div>\n\t\t<\/div>\n\t\t\t\t\t<\/div>\n\t\t<\/section>\n\t\t\t\t<section class=\"ob-is-breaking-bad elementor-section elementor-top-section elementor-element elementor-element-677601a elementor-section-boxed elementor-section-height-default elementor-section-height-default\" data-id=\"677601a\" data-element_type=\"section\" data-settings=\"{&quot;background_background&quot;:&quot;gradient&quot;,&quot;_ob_bbad_use_it&quot;:&quot;yes&quot;,&quot;_ob_bbad_sssic_use&quot;:&quot;no&quot;,&quot;_ob_glider_is_slider&quot;:&quot;no&quot;}\">\n\t\t\t\t\t\t\t<div class=\"elementor-background-overlay\"><\/div>\n\t\t\t\t\t\t\t<div class=\"elementor-container elementor-column-gap-custom\">\n\t\t\t\t\t<div class=\"elementor-column elementor-col-100 elementor-top-column elementor-element elementor-element-36d94db\" data-id=\"36d94db\" data-element_type=\"column\" data-settings=\"{&quot;_ob_bbad_is_stalker&quot;:&quot;no&quot;,&quot;_ob_teleporter_use&quot;:false,&quot;_ob_column_hoveranimator&quot;:&quot;no&quot;,&quot;_ob_column_has_pseudo&quot;:&quot;no&quot;}\">\n\t\t\t<div class=\"elementor-widget-wrap elementor-element-populated\">\n\t\t\t\t\t\t<div class=\"elementor-element elementor-element-0a9aa2b ob-has-background-overlay elementor-widget elementor-widget-heading\" data-id=\"0a9aa2b\" data-element_type=\"widget\" data-settings=\"{&quot;_ob_perspektive_use&quot;:&quot;no&quot;,&quot;_ob_poopart_use&quot;:&quot;yes&quot;,&quot;_ob_shadough_use&quot;:&quot;no&quot;,&quot;_ob_allow_hoveranimator&quot;:&quot;no&quot;,&quot;_ob_widget_stalker_use&quot;:&quot;no&quot;}\" data-widget_type=\"heading.default\">\n\t\t\t\t<div class=\"elementor-widget-container\">\n\t\t\t<p class=\"elementor-heading-title elementor-size-default\"><a href=\"https:\/\/www.leychile.cl\/Navegar?idNorma=256863\" target=\"_blank\"><strong> Recuerde revisar aqu\u00ed la Ley N\u00b0. 20.158 antes de matricularse (B.R.P)<\/strong><\/a><\/p>\t\t<\/div>\n\t\t\t\t<\/div>\n\t\t\t\t\t<\/div>\n\t\t<\/div>\n\t\t\t\t\t<\/div>\n\t\t<\/section>\n\t\t\t\t<section class=\"ob-is-breaking-bad elementor-section elementor-top-section elementor-element elementor-element-77f2718 elementor-section-boxed elementor-section-height-default elementor-section-height-default\" data-id=\"77f2718\" data-element_type=\"section\" data-settings=\"{&quot;_ob_bbad_use_it&quot;:&quot;yes&quot;,&quot;_ob_bbad_sssic_use&quot;:&quot;no&quot;,&quot;_ob_glider_is_slider&quot;:&quot;no&quot;}\">\n\t\t\t\t\t\t<div class=\"elementor-container elementor-column-gap-default\">\n\t\t\t\t\t<div class=\"elementor-column elementor-col-33 elementor-top-column elementor-element elementor-element-5f0519c\" data-id=\"5f0519c\" data-element_type=\"column\" data-settings=\"{&quot;_ob_bbad_is_stalker&quot;:&quot;no&quot;,&quot;_ob_teleporter_use&quot;:false,&quot;_ob_column_hoveranimator&quot;:&quot;no&quot;,&quot;_ob_column_has_pseudo&quot;:&quot;no&quot;}\">\n\t\t\t<div class=\"elementor-widget-wrap elementor-element-populated\">\n\t\t\t\t\t\t<div class=\"elementor-element elementor-element-ef08ed8 elementor-position-top ob-has-background-overlay elementor-widget elementor-widget-image-box\" data-id=\"ef08ed8\" data-element_type=\"widget\" data-settings=\"{&quot;_ob_perspektive_use&quot;:&quot;no&quot;,&quot;_ob_poopart_use&quot;:&quot;yes&quot;,&quot;_ob_shadough_use&quot;:&quot;no&quot;,&quot;_ob_allow_hoveranimator&quot;:&quot;no&quot;,&quot;_ob_widget_stalker_use&quot;:&quot;no&quot;}\" data-widget_type=\"image-box.default\">\n\t\t\t\t<div class=\"elementor-widget-container\">\n\t\t\t<div class=\"elementor-image-box-wrapper\"><figure class=\"elementor-image-box-img\"><a href=\"https:\/\/umcervantesecontinua.cl\/web3\/postitulo-de-mencion-en-lenguaje-y-comunicacion-para-educacion-basica\/\" tabindex=\"-1\"><img loading=\"lazy\" decoding=\"async\" width=\"800\" height=\"533\" src=\"https:\/\/umcervantesecontinua.cl\/web3\/wp-content\/uploads\/2023\/01\/p.lenguaje.jpg\" class=\"attachment-2048x2048 size-2048x2048 wp-image-264\" alt=\"\" srcset=\"https:\/\/umcervantesecontinua.cl\/web3\/wp-content\/uploads\/2023\/01\/p.lenguaje.jpg 800w, https:\/\/umcervantesecontinua.cl\/web3\/wp-content\/uploads\/2023\/01\/p.lenguaje-300x200.jpg 300w, https:\/\/umcervantesecontinua.cl\/web3\/wp-content\/uploads\/2023\/01\/p.lenguaje-768x512.jpg 768w\" sizes=\"(max-width: 800px) 100vw, 800px\" \/><\/a><\/figure><div class=\"elementor-image-box-content\"><h5 class=\"elementor-image-box-title\"><a href=\"https:\/\/umcervantesecontinua.cl\/web3\/postitulo-de-mencion-en-lenguaje-y-comunicacion-para-educacion-basica\/\">Post\u00edtulo de menci\u00f3n en Lenguaje y Comunicaci\u00f3n para Educaci\u00f3n B\u00e1sica<\/a><\/h5><\/div><\/div>\t\t<\/div>\n\t\t\t\t<\/div>\n\t\t\t\t\t<\/div>\n\t\t<\/div>\n\t\t\t\t<div class=\"elementor-column elementor-col-33 elementor-top-column elementor-element elementor-element-c365a0e\" data-id=\"c365a0e\" data-element_type=\"column\" data-settings=\"{&quot;_ob_bbad_is_stalker&quot;:&quot;no&quot;,&quot;_ob_teleporter_use&quot;:false,&quot;_ob_column_hoveranimator&quot;:&quot;no&quot;,&quot;_ob_column_has_pseudo&quot;:&quot;no&quot;}\">\n\t\t\t<div class=\"elementor-widget-wrap elementor-element-populated\">\n\t\t\t\t\t\t<div class=\"elementor-element elementor-element-e7b2a99 elementor-position-top ob-has-background-overlay elementor-widget elementor-widget-image-box\" data-id=\"e7b2a99\" data-element_type=\"widget\" data-settings=\"{&quot;_ob_perspektive_use&quot;:&quot;no&quot;,&quot;_ob_poopart_use&quot;:&quot;yes&quot;,&quot;_ob_shadough_use&quot;:&quot;no&quot;,&quot;_ob_allow_hoveranimator&quot;:&quot;no&quot;,&quot;_ob_widget_stalker_use&quot;:&quot;no&quot;}\" data-widget_type=\"image-box.default\">\n\t\t\t\t<div class=\"elementor-widget-container\">\n\t\t\t<div class=\"elementor-image-box-wrapper\"><figure class=\"elementor-image-box-img\"><a href=\"https:\/\/umcervantesecontinua.cl\/web3\/postitulo-de-mencion-en-administracion-educacional\/\" tabindex=\"-1\"><img loading=\"lazy\" decoding=\"async\" width=\"800\" height=\"528\" src=\"https:\/\/umcervantesecontinua.cl\/web3\/wp-content\/uploads\/2023\/01\/p.adminisracion-e1673457959779.jpg\" class=\"attachment-2048x2048 size-2048x2048 wp-image-282\" alt=\"\" srcset=\"https:\/\/umcervantesecontinua.cl\/web3\/wp-content\/uploads\/2023\/01\/p.adminisracion-e1673457959779.jpg 800w, https:\/\/umcervantesecontinua.cl\/web3\/wp-content\/uploads\/2023\/01\/p.adminisracion-e1673457959779-300x198.jpg 300w, https:\/\/umcervantesecontinua.cl\/web3\/wp-content\/uploads\/2023\/01\/p.adminisracion-e1673457959779-768x507.jpg 768w\" sizes=\"(max-width: 800px) 100vw, 800px\" \/><\/a><\/figure><div class=\"elementor-image-box-content\"><h5 class=\"elementor-image-box-title\"><a href=\"https:\/\/umcervantesecontinua.cl\/web3\/postitulo-de-mencion-en-administracion-educacional\/\">Post\u00edtulo de menci\u00f3n en Administraci\u00f3n Educacional<\/a><\/h5><\/div><\/div>\t\t<\/div>\n\t\t\t\t<\/div>\n\t\t\t\t\t<\/div>\n\t\t<\/div>\n\t\t\t\t<div class=\"elementor-column elementor-col-33 elementor-top-column elementor-element elementor-element-e750ef5\" data-id=\"e750ef5\" data-element_type=\"column\" data-settings=\"{&quot;_ob_bbad_is_stalker&quot;:&quot;no&quot;,&quot;_ob_teleporter_use&quot;:false,&quot;_ob_column_hoveranimator&quot;:&quot;no&quot;,&quot;_ob_column_has_pseudo&quot;:&quot;no&quot;}\">\n\t\t\t<div class=\"elementor-widget-wrap elementor-element-populated\">\n\t\t\t\t\t\t<div class=\"elementor-element elementor-element-606eb8e elementor-position-top ob-has-background-overlay elementor-widget elementor-widget-image-box\" data-id=\"606eb8e\" data-element_type=\"widget\" data-settings=\"{&quot;_ob_perspektive_use&quot;:&quot;no&quot;,&quot;_ob_poopart_use&quot;:&quot;yes&quot;,&quot;_ob_shadough_use&quot;:&quot;no&quot;,&quot;_ob_allow_hoveranimator&quot;:&quot;no&quot;,&quot;_ob_widget_stalker_use&quot;:&quot;no&quot;}\" data-widget_type=\"image-box.default\">\n\t\t\t\t<div class=\"elementor-widget-container\">\n\t\t\t<div class=\"elementor-image-box-wrapper\"><figure class=\"elementor-image-box-img\"><a href=\"https:\/\/umcervantesecontinua.cl\/web3\/postitulo-de-mencion-en-curriculum-educacional\/\" tabindex=\"-1\"><img loading=\"lazy\" decoding=\"async\" width=\"800\" height=\"533\" src=\"https:\/\/umcervantesecontinua.cl\/web3\/wp-content\/uploads\/2023\/01\/postcurriculum.jpg\" class=\"attachment-2048x2048 size-2048x2048 wp-image-273\" alt=\"\" srcset=\"https:\/\/umcervantesecontinua.cl\/web3\/wp-content\/uploads\/2023\/01\/postcurriculum.jpg 800w, https:\/\/umcervantesecontinua.cl\/web3\/wp-content\/uploads\/2023\/01\/postcurriculum-300x200.jpg 300w, https:\/\/umcervantesecontinua.cl\/web3\/wp-content\/uploads\/2023\/01\/postcurriculum-768x512.jpg 768w\" sizes=\"(max-width: 800px) 100vw, 800px\" \/><\/a><\/figure><div class=\"elementor-image-box-content\"><h5 class=\"elementor-image-box-title\"><a href=\"https:\/\/umcervantesecontinua.cl\/web3\/postitulo-de-mencion-en-curriculum-educacional\/\">Post\u00edtulo de menci\u00f3n en Curr\u00edculum Educacional<\/a><\/h5><\/div><\/div>\t\t<\/div>\n\t\t\t\t<\/div>\n\t\t\t\t\t<\/div>\n\t\t<\/div>\n\t\t\t\t\t<\/div>\n\t\t<\/section>\n\t\t\t\t<section class=\"ob-is-breaking-bad elementor-section elementor-top-section elementor-element elementor-element-a4bb9af elementor-section-boxed elementor-section-height-default elementor-section-height-default\" data-id=\"a4bb9af\" data-element_type=\"section\" data-settings=\"{&quot;_ob_bbad_use_it&quot;:&quot;yes&quot;,&quot;_ob_bbad_sssic_use&quot;:&quot;no&quot;,&quot;_ob_glider_is_slider&quot;:&quot;no&quot;}\">\n\t\t\t\t\t\t<div class=\"elementor-container elementor-column-gap-default\">\n\t\t\t\t\t<div class=\"elementor-column elementor-col-33 elementor-top-column elementor-element elementor-element-2df59e6\" data-id=\"2df59e6\" data-element_type=\"column\" data-settings=\"{&quot;_ob_bbad_is_stalker&quot;:&quot;no&quot;,&quot;_ob_teleporter_use&quot;:false,&quot;_ob_column_hoveranimator&quot;:&quot;no&quot;,&quot;_ob_column_has_pseudo&quot;:&quot;no&quot;}\">\n\t\t\t<div class=\"elementor-widget-wrap elementor-element-populated\">\n\t\t\t\t\t\t<div class=\"elementor-element elementor-element-ed653ac elementor-position-top ob-has-background-overlay elementor-widget elementor-widget-image-box\" data-id=\"ed653ac\" data-element_type=\"widget\" data-settings=\"{&quot;_ob_perspektive_use&quot;:&quot;no&quot;,&quot;_ob_poopart_use&quot;:&quot;yes&quot;,&quot;_ob_shadough_use&quot;:&quot;no&quot;,&quot;_ob_allow_hoveranimator&quot;:&quot;no&quot;,&quot;_ob_widget_stalker_use&quot;:&quot;no&quot;}\" data-widget_type=\"image-box.default\">\n\t\t\t\t<div class=\"elementor-widget-container\">\n\t\t\t<div class=\"elementor-image-box-wrapper\"><figure class=\"elementor-image-box-img\"><a href=\"https:\/\/umcervantesecontinua.cl\/web3\/postitulo-de-mencion-en-educacion-matematica-para-educacion-basica\/\" tabindex=\"-1\"><img loading=\"lazy\" decoding=\"async\" width=\"800\" height=\"530\" src=\"https:\/\/umcervantesecontinua.cl\/web3\/wp-content\/uploads\/2023\/01\/post.matematicas.jpg\" class=\"attachment-2048x2048 size-2048x2048 wp-image-280\" alt=\"\" srcset=\"https:\/\/umcervantesecontinua.cl\/web3\/wp-content\/uploads\/2023\/01\/post.matematicas.jpg 800w, https:\/\/umcervantesecontinua.cl\/web3\/wp-content\/uploads\/2023\/01\/post.matematicas-300x199.jpg 300w, https:\/\/umcervantesecontinua.cl\/web3\/wp-content\/uploads\/2023\/01\/post.matematicas-768x509.jpg 768w\" sizes=\"(max-width: 800px) 100vw, 800px\" \/><\/a><\/figure><div class=\"elementor-image-box-content\"><h5 class=\"elementor-image-box-title\"><a href=\"https:\/\/umcervantesecontinua.cl\/web3\/postitulo-de-mencion-en-educacion-matematica-para-educacion-basica\/\">Post\u00edtulo de menci\u00f3n en Educaci\u00f3n Matem\u00e1tica para Educaci\u00f3n B\u00e1sica<\/a><\/h5><\/div><\/div>\t\t<\/div>\n\t\t\t\t<\/div>\n\t\t\t\t\t<\/div>\n\t\t<\/div>\n\t\t\t\t<div class=\"elementor-column elementor-col-33 elementor-top-column elementor-element elementor-element-099c2b9\" data-id=\"099c2b9\" data-element_type=\"column\" data-settings=\"{&quot;_ob_bbad_is_stalker&quot;:&quot;no&quot;,&quot;_ob_teleporter_use&quot;:false,&quot;_ob_column_hoveranimator&quot;:&quot;no&quot;,&quot;_ob_column_has_pseudo&quot;:&quot;no&quot;}\">\n\t\t\t<div class=\"elementor-widget-wrap elementor-element-populated\">\n\t\t\t\t\t\t<div class=\"elementor-element elementor-element-82413ac elementor-position-top ob-has-background-overlay elementor-widget elementor-widget-image-box\" data-id=\"82413ac\" data-element_type=\"widget\" data-settings=\"{&quot;_ob_perspektive_use&quot;:&quot;no&quot;,&quot;_ob_poopart_use&quot;:&quot;yes&quot;,&quot;_ob_shadough_use&quot;:&quot;no&quot;,&quot;_ob_allow_hoveranimator&quot;:&quot;no&quot;,&quot;_ob_widget_stalker_use&quot;:&quot;no&quot;}\" data-widget_type=\"image-box.default\">\n\t\t\t\t<div class=\"elementor-widget-container\">\n\t\t\t<div class=\"elementor-image-box-wrapper\"><figure class=\"elementor-image-box-img\"><a href=\"https:\/\/umcervantesecontinua.cl\/web3\/postitulo-de-mencion-en-ciencias-naturales-para-la-educacion-basica\/\" tabindex=\"-1\"><img loading=\"lazy\" decoding=\"async\" width=\"800\" height=\"538\" src=\"https:\/\/umcervantesecontinua.cl\/web3\/wp-content\/uploads\/2023\/01\/post.ciencia.jpg\" class=\"attachment-2048x2048 size-2048x2048 wp-image-278\" alt=\"\" srcset=\"https:\/\/umcervantesecontinua.cl\/web3\/wp-content\/uploads\/2023\/01\/post.ciencia.jpg 800w, https:\/\/umcervantesecontinua.cl\/web3\/wp-content\/uploads\/2023\/01\/post.ciencia-300x202.jpg 300w, https:\/\/umcervantesecontinua.cl\/web3\/wp-content\/uploads\/2023\/01\/post.ciencia-768x516.jpg 768w\" sizes=\"(max-width: 800px) 100vw, 800px\" \/><\/a><\/figure><div class=\"elementor-image-box-content\"><h5 class=\"elementor-image-box-title\"><a href=\"https:\/\/umcervantesecontinua.cl\/web3\/postitulo-de-mencion-en-ciencias-naturales-para-la-educacion-basica\/\">Post\u00edtulo de menci\u00f3n en Ciencias Naturales para Educacion B\u00e1sica<\/a><\/h5><\/div><\/div>\t\t<\/div>\n\t\t\t\t<\/div>\n\t\t\t\t\t<\/div>\n\t\t<\/div>\n\t\t\t\t<div class=\"elementor-column elementor-col-33 elementor-top-column elementor-element elementor-element-1047e13\" data-id=\"1047e13\" data-element_type=\"column\" data-settings=\"{&quot;_ob_bbad_is_stalker&quot;:&quot;no&quot;,&quot;_ob_teleporter_use&quot;:false,&quot;_ob_column_hoveranimator&quot;:&quot;no&quot;,&quot;_ob_column_has_pseudo&quot;:&quot;no&quot;}\">\n\t\t\t<div class=\"elementor-widget-wrap elementor-element-populated\">\n\t\t\t\t\t\t<div class=\"elementor-element elementor-element-7b973dd elementor-position-top ob-has-background-overlay elementor-widget elementor-widget-image-box\" data-id=\"7b973dd\" data-element_type=\"widget\" data-settings=\"{&quot;_ob_perspektive_use&quot;:&quot;no&quot;,&quot;_ob_poopart_use&quot;:&quot;yes&quot;,&quot;_ob_shadough_use&quot;:&quot;no&quot;,&quot;_ob_allow_hoveranimator&quot;:&quot;no&quot;,&quot;_ob_widget_stalker_use&quot;:&quot;no&quot;}\" data-widget_type=\"image-box.default\">\n\t\t\t\t<div class=\"elementor-widget-container\">\n\t\t\t<div class=\"elementor-image-box-wrapper\"><figure class=\"elementor-image-box-img\"><a href=\"https:\/\/umcervantesecontinua.cl\/web3\/postitulo-de-mencion-en-historia-geografia-y-ciencias-sociales-para-la-educacion-basica\/\" tabindex=\"-1\"><img loading=\"lazy\" decoding=\"async\" width=\"800\" height=\"534\" src=\"https:\/\/umcervantesecontinua.cl\/web3\/wp-content\/uploads\/2023\/01\/post.history.jpg\" class=\"attachment-2048x2048 size-2048x2048 wp-image-269\" alt=\"\" srcset=\"https:\/\/umcervantesecontinua.cl\/web3\/wp-content\/uploads\/2023\/01\/post.history.jpg 800w, https:\/\/umcervantesecontinua.cl\/web3\/wp-content\/uploads\/2023\/01\/post.history-300x200.jpg 300w, https:\/\/umcervantesecontinua.cl\/web3\/wp-content\/uploads\/2023\/01\/post.history-768x513.jpg 768w\" sizes=\"(max-width: 800px) 100vw, 800px\" \/><\/a><\/figure><div class=\"elementor-image-box-content\"><h5 class=\"elementor-image-box-title\"><a href=\"https:\/\/umcervantesecontinua.cl\/web3\/postitulo-de-mencion-en-historia-geografia-y-ciencias-sociales-para-la-educacion-basica\/\">Post\u00edtulo de menci\u00f3n en Historia, Geograf\u00eda y Ciencias Sociales para Educaci\u00f3n B\u00e1sica<\/a><\/h5><\/div><\/div>\t\t<\/div>\n\t\t\t\t<\/div>\n\t\t\t\t\t<\/div>\n\t\t<\/div>\n\t\t\t\t\t<\/div>\n\t\t<\/section>\n\t\t\t\t<section class=\"ob-is-breaking-bad elementor-section elementor-top-section elementor-element elementor-element-c49d792 elementor-section-boxed elementor-section-height-default elementor-section-height-default\" data-id=\"c49d792\" data-element_type=\"section\" data-settings=\"{&quot;_ob_bbad_use_it&quot;:&quot;yes&quot;,&quot;_ob_bbad_sssic_use&quot;:&quot;no&quot;,&quot;_ob_glider_is_slider&quot;:&quot;no&quot;}\">\n\t\t\t\t\t\t<div class=\"elementor-container elementor-column-gap-default\">\n\t\t\t\t\t<div class=\"elementor-column elementor-col-33 elementor-top-column elementor-element elementor-element-71c72d3\" data-id=\"71c72d3\" data-element_type=\"column\" data-settings=\"{&quot;_ob_bbad_is_stalker&quot;:&quot;no&quot;,&quot;_ob_teleporter_use&quot;:false,&quot;_ob_column_hoveranimator&quot;:&quot;no&quot;,&quot;_ob_column_has_pseudo&quot;:&quot;no&quot;}\">\n\t\t\t<div class=\"elementor-widget-wrap elementor-element-populated\">\n\t\t\t\t\t\t<div class=\"elementor-element elementor-element-26674d2 elementor-position-top ob-has-background-overlay elementor-widget elementor-widget-image-box\" data-id=\"26674d2\" data-element_type=\"widget\" data-settings=\"{&quot;_ob_perspektive_use&quot;:&quot;no&quot;,&quot;_ob_poopart_use&quot;:&quot;yes&quot;,&quot;_ob_shadough_use&quot;:&quot;no&quot;,&quot;_ob_allow_hoveranimator&quot;:&quot;no&quot;,&quot;_ob_widget_stalker_use&quot;:&quot;no&quot;}\" data-widget_type=\"image-box.default\">\n\t\t\t\t<div class=\"elementor-widget-container\">\n\t\t\t<div class=\"elementor-image-box-wrapper\"><figure class=\"elementor-image-box-img\"><a href=\"https:\/\/umcervantesecontinua.cl\/web3\/postitulo-de-mencion-en-trastornos-del-lenguaje\/\" tabindex=\"-1\"><img loading=\"lazy\" decoding=\"async\" width=\"800\" height=\"534\" src=\"https:\/\/umcervantesecontinua.cl\/web3\/wp-content\/uploads\/2023\/01\/post-transtorno.jpg\" class=\"attachment-2048x2048 size-2048x2048 wp-image-274\" alt=\"\" srcset=\"https:\/\/umcervantesecontinua.cl\/web3\/wp-content\/uploads\/2023\/01\/post-transtorno.jpg 800w, https:\/\/umcervantesecontinua.cl\/web3\/wp-content\/uploads\/2023\/01\/post-transtorno-300x200.jpg 300w, https:\/\/umcervantesecontinua.cl\/web3\/wp-content\/uploads\/2023\/01\/post-transtorno-768x513.jpg 768w\" sizes=\"(max-width: 800px) 100vw, 800px\" \/><\/a><\/figure><div class=\"elementor-image-box-content\"><h5 class=\"elementor-image-box-title\"><a href=\"https:\/\/umcervantesecontinua.cl\/web3\/postitulo-de-mencion-en-trastornos-del-lenguaje\/\">Post\u00edtulo de menci\u00f3n en Trastornos del Lenguaje<\/a><\/h5><\/div><\/div>\t\t<\/div>\n\t\t\t\t<\/div>\n\t\t\t\t\t<\/div>\n\t\t<\/div>\n\t\t\t\t<div class=\"elementor-column elementor-col-33 elementor-top-column elementor-element elementor-element-7ea6225\" data-id=\"7ea6225\" data-element_type=\"column\" data-settings=\"{&quot;_ob_bbad_is_stalker&quot;:&quot;no&quot;,&quot;_ob_teleporter_use&quot;:false,&quot;_ob_column_hoveranimator&quot;:&quot;no&quot;,&quot;_ob_column_has_pseudo&quot;:&quot;no&quot;}\">\n\t\t\t<div class=\"elementor-widget-wrap elementor-element-populated\">\n\t\t\t\t\t\t<div class=\"elementor-element elementor-element-9e9fef8 elementor-position-top ob-has-background-overlay elementor-widget elementor-widget-image-box\" data-id=\"9e9fef8\" data-element_type=\"widget\" data-settings=\"{&quot;_ob_perspektive_use&quot;:&quot;no&quot;,&quot;_ob_poopart_use&quot;:&quot;yes&quot;,&quot;_ob_shadough_use&quot;:&quot;no&quot;,&quot;_ob_allow_hoveranimator&quot;:&quot;no&quot;,&quot;_ob_widget_stalker_use&quot;:&quot;no&quot;}\" data-widget_type=\"image-box.default\">\n\t\t\t\t<div class=\"elementor-widget-container\">\n\t\t\t<div class=\"elementor-image-box-wrapper\"><figure class=\"elementor-image-box-img\"><a href=\"https:\/\/umcervantesecontinua.cl\/web3\/postitulo-de-mencion-en-evaluacion-del-aprendizaje\/\" tabindex=\"-1\"><img loading=\"lazy\" decoding=\"async\" width=\"800\" height=\"534\" src=\"https:\/\/umcervantesecontinua.cl\/web3\/wp-content\/uploads\/2023\/01\/post.-evaluacion.jpg\" class=\"attachment-2048x2048 size-2048x2048 wp-image-265\" alt=\"\" srcset=\"https:\/\/umcervantesecontinua.cl\/web3\/wp-content\/uploads\/2023\/01\/post.-evaluacion.jpg 800w, https:\/\/umcervantesecontinua.cl\/web3\/wp-content\/uploads\/2023\/01\/post.-evaluacion-300x200.jpg 300w, https:\/\/umcervantesecontinua.cl\/web3\/wp-content\/uploads\/2023\/01\/post.-evaluacion-768x513.jpg 768w\" sizes=\"(max-width: 800px) 100vw, 800px\" \/><\/a><\/figure><div class=\"elementor-image-box-content\"><h5 class=\"elementor-image-box-title\"><a href=\"https:\/\/umcervantesecontinua.cl\/web3\/postitulo-de-mencion-en-evaluacion-del-aprendizaje\/\">Post\u00edtulo de menci\u00f3n en Evaluaci\u00f3n del Aprendizaje<\/a><\/h5><\/div><\/div>\t\t<\/div>\n\t\t\t\t<\/div>\n\t\t\t\t\t<\/div>\n\t\t<\/div>\n\t\t\t\t<div class=\"elementor-column elementor-col-33 elementor-top-column elementor-element elementor-element-d83bfc7\" data-id=\"d83bfc7\" data-element_type=\"column\" data-settings=\"{&quot;_ob_bbad_is_stalker&quot;:&quot;no&quot;,&quot;_ob_teleporter_use&quot;:false,&quot;_ob_column_hoveranimator&quot;:&quot;no&quot;,&quot;_ob_column_has_pseudo&quot;:&quot;no&quot;}\">\n\t\t\t<div class=\"elementor-widget-wrap elementor-element-populated\">\n\t\t\t\t\t\t<div class=\"elementor-element elementor-element-5119442 elementor-position-top ob-has-background-overlay elementor-widget elementor-widget-image-box\" data-id=\"5119442\" data-element_type=\"widget\" data-settings=\"{&quot;_ob_perspektive_use&quot;:&quot;no&quot;,&quot;_ob_poopart_use&quot;:&quot;yes&quot;,&quot;_ob_shadough_use&quot;:&quot;no&quot;,&quot;_ob_allow_hoveranimator&quot;:&quot;no&quot;,&quot;_ob_widget_stalker_use&quot;:&quot;no&quot;}\" data-widget_type=\"image-box.default\">\n\t\t\t\t<div class=\"elementor-widget-container\">\n\t\t\t<div class=\"elementor-image-box-wrapper\"><figure class=\"elementor-image-box-img\"><a href=\"https:\/\/umcervantesecontinua.cl\/web3\/postitulo-de-mencion-en-educacion-especial-y-diferenciada-para-ensenanza-basica\/\" tabindex=\"-1\"><img loading=\"lazy\" decoding=\"async\" width=\"800\" height=\"530\" src=\"https:\/\/umcervantesecontinua.cl\/web3\/wp-content\/uploads\/2023\/01\/post.especial.jpg\" class=\"attachment-2048x2048 size-2048x2048 wp-image-279\" alt=\"\" srcset=\"https:\/\/umcervantesecontinua.cl\/web3\/wp-content\/uploads\/2023\/01\/post.especial.jpg 800w, https:\/\/umcervantesecontinua.cl\/web3\/wp-content\/uploads\/2023\/01\/post.especial-300x199.jpg 300w, https:\/\/umcervantesecontinua.cl\/web3\/wp-content\/uploads\/2023\/01\/post.especial-768x509.jpg 768w\" sizes=\"(max-width: 800px) 100vw, 800px\" \/><\/a><\/figure><div class=\"elementor-image-box-content\"><h5 class=\"elementor-image-box-title\"><a href=\"https:\/\/umcervantesecontinua.cl\/web3\/postitulo-de-mencion-en-educacion-especial-y-diferenciada-para-ensenanza-basica\/\">Post\u00edtulo de menci\u00f3n en Educaci\u00f3n Especial y Diferenciada para Ense\u00f1anza B\u00e1sica<\/a><\/h5><\/div><\/div>\t\t<\/div>\n\t\t\t\t<\/div>\n\t\t\t\t\t<\/div>\n\t\t<\/div>\n\t\t\t\t\t<\/div>\n\t\t<\/section>\n\t\t\t\t<section class=\"ob-is-breaking-bad elementor-section elementor-top-section elementor-element elementor-element-053e56d elementor-section-boxed elementor-section-height-default elementor-section-height-default\" data-id=\"053e56d\" data-element_type=\"section\" data-settings=\"{&quot;_ob_bbad_use_it&quot;:&quot;yes&quot;,&quot;_ob_bbad_sssic_use&quot;:&quot;no&quot;,&quot;_ob_glider_is_slider&quot;:&quot;no&quot;}\">\n\t\t\t\t\t\t<div class=\"elementor-container elementor-column-gap-default\">\n\t\t\t\t\t<div class=\"elementor-column elementor-col-33 elementor-top-column elementor-element elementor-element-b57c6d4\" data-id=\"b57c6d4\" data-element_type=\"column\" data-settings=\"{&quot;_ob_bbad_is_stalker&quot;:&quot;no&quot;,&quot;_ob_teleporter_use&quot;:false,&quot;_ob_column_hoveranimator&quot;:&quot;no&quot;,&quot;_ob_column_has_pseudo&quot;:&quot;no&quot;}\">\n\t\t\t<div class=\"elementor-widget-wrap elementor-element-populated\">\n\t\t\t\t\t\t<div class=\"elementor-element elementor-element-e459cea elementor-position-top ob-has-background-overlay elementor-widget elementor-widget-image-box\" data-id=\"e459cea\" data-element_type=\"widget\" data-settings=\"{&quot;_ob_perspektive_use&quot;:&quot;no&quot;,&quot;_ob_poopart_use&quot;:&quot;yes&quot;,&quot;_ob_shadough_use&quot;:&quot;no&quot;,&quot;_ob_allow_hoveranimator&quot;:&quot;no&quot;,&quot;_ob_widget_stalker_use&quot;:&quot;no&quot;}\" data-widget_type=\"image-box.default\">\n\t\t\t\t<div class=\"elementor-widget-container\">\n\t\t\t<div class=\"elementor-image-box-wrapper\"><figure class=\"elementor-image-box-img\"><a href=\"https:\/\/umcervantesecontinua.cl\/web3\/postitulo-de-mencion-en-orientacion-educacional-y-vocacional\/\" tabindex=\"-1\"><img loading=\"lazy\" decoding=\"async\" width=\"800\" height=\"530\" src=\"https:\/\/umcervantesecontinua.cl\/web3\/wp-content\/uploads\/2023\/01\/post.orientacion.jpg\" class=\"attachment-2048x2048 size-2048x2048 wp-image-281\" alt=\"\" srcset=\"https:\/\/umcervantesecontinua.cl\/web3\/wp-content\/uploads\/2023\/01\/post.orientacion.jpg 800w, https:\/\/umcervantesecontinua.cl\/web3\/wp-content\/uploads\/2023\/01\/post.orientacion-300x199.jpg 300w, https:\/\/umcervantesecontinua.cl\/web3\/wp-content\/uploads\/2023\/01\/post.orientacion-768x509.jpg 768w\" sizes=\"(max-width: 800px) 100vw, 800px\" \/><\/a><\/figure><div class=\"elementor-image-box-content\"><h5 class=\"elementor-image-box-title\"><a href=\"https:\/\/umcervantesecontinua.cl\/web3\/postitulo-de-mencion-en-orientacion-educacional-y-vocacional\/\">Post\u00edtulo de menci\u00f3n en Orientaci\u00f3n Educacional y Vocacional<\/a><\/h5><\/div><\/div>\t\t<\/div>\n\t\t\t\t<\/div>\n\t\t\t\t\t<\/div>\n\t\t<\/div>\n\t\t\t\t<div class=\"elementor-column elementor-col-33 elementor-top-column elementor-element elementor-element-4e2c1e3\" data-id=\"4e2c1e3\" data-element_type=\"column\" data-settings=\"{&quot;_ob_bbad_is_stalker&quot;:&quot;no&quot;,&quot;_ob_teleporter_use&quot;:false,&quot;_ob_column_hoveranimator&quot;:&quot;no&quot;,&quot;_ob_column_has_pseudo&quot;:&quot;no&quot;}\">\n\t\t\t<div class=\"elementor-widget-wrap elementor-element-populated\">\n\t\t\t\t\t\t<div class=\"elementor-element elementor-element-f932d3d elementor-position-top ob-has-background-overlay elementor-widget elementor-widget-image-box\" data-id=\"f932d3d\" data-element_type=\"widget\" data-settings=\"{&quot;_ob_perspektive_use&quot;:&quot;no&quot;,&quot;_ob_poopart_use&quot;:&quot;yes&quot;,&quot;_ob_shadough_use&quot;:&quot;no&quot;,&quot;_ob_allow_hoveranimator&quot;:&quot;no&quot;,&quot;_ob_widget_stalker_use&quot;:&quot;no&quot;}\" data-widget_type=\"image-box.default\">\n\t\t\t\t<div class=\"elementor-widget-container\">\n\t\t\t<div class=\"elementor-image-box-wrapper\"><figure class=\"elementor-image-box-img\"><a href=\"https:\/\/umcervantesecontinua.cl\/web3\/postiulo_de_mencion_en_salud_mental_en_instituciones_de_educacion\/\" tabindex=\"-1\"><img loading=\"lazy\" decoding=\"async\" width=\"2048\" height=\"1365\" src=\"https:\/\/umcervantesecontinua.cl\/web3\/wp-content\/uploads\/2023\/10\/saludmentalfoto-2-2048x1365.jpg\" class=\"attachment-2048x2048 size-2048x2048 wp-image-1981\" alt=\"\" srcset=\"https:\/\/umcervantesecontinua.cl\/web3\/wp-content\/uploads\/2023\/10\/saludmentalfoto-2-2048x1365.jpg 2048w, https:\/\/umcervantesecontinua.cl\/web3\/wp-content\/uploads\/2023\/10\/saludmentalfoto-2-300x200.jpg 300w, https:\/\/umcervantesecontinua.cl\/web3\/wp-content\/uploads\/2023\/10\/saludmentalfoto-2-1024x683.jpg 1024w, https:\/\/umcervantesecontinua.cl\/web3\/wp-content\/uploads\/2023\/10\/saludmentalfoto-2-768x512.jpg 768w, https:\/\/umcervantesecontinua.cl\/web3\/wp-content\/uploads\/2023\/10\/saludmentalfoto-2-1536x1024.jpg 1536w\" sizes=\"(max-width: 2048px) 100vw, 2048px\" \/><\/a><\/figure><div class=\"elementor-image-box-content\"><h5 class=\"elementor-image-box-title\"><a href=\"https:\/\/umcervantesecontinua.cl\/web3\/postiulo_de_mencion_en_salud_mental_en_instituciones_de_educacion\/\">Post\u00edtulo de menci\u00f3n en Salud Mental en Instituciones  de Educaci\u00f3n<\/a><\/h5><\/div><\/div>\t\t<\/div>\n\t\t\t\t<\/div>\n\t\t\t\t<div class=\"elementor-element elementor-element-102a2bb elementor-position-top ob-has-background-overlay elementor-widget elementor-widget-image-box\" data-id=\"102a2bb\" data-element_type=\"widget\" data-settings=\"{&quot;_ob_perspektive_use&quot;:&quot;no&quot;,&quot;_ob_poopart_use&quot;:&quot;yes&quot;,&quot;_ob_shadough_use&quot;:&quot;no&quot;,&quot;_ob_allow_hoveranimator&quot;:&quot;no&quot;,&quot;_ob_widget_stalker_use&quot;:&quot;no&quot;}\" data-widget_type=\"image-box.default\">\n\t\t\t\t<div class=\"elementor-widget-container\">\n\t\t\t<div class=\"elementor-image-box-wrapper\"><figure class=\"elementor-image-box-img\"><a href=\"https:\/\/umcervantesecontinua.cl\/web3\/postitulo-de-mencion-en-estrategias-para-la-gestion-de-la-diversidad-e-inclusion\/\" tabindex=\"-1\"><img loading=\"lazy\" decoding=\"async\" width=\"2048\" height=\"1365\" src=\"https:\/\/umcervantesecontinua.cl\/web3\/wp-content\/uploads\/2023\/10\/postitulogestiondiversidad2-2048x1365.jpg\" class=\"attachment-2048x2048 size-2048x2048 wp-image-1999\" alt=\"\" srcset=\"https:\/\/umcervantesecontinua.cl\/web3\/wp-content\/uploads\/2023\/10\/postitulogestiondiversidad2-2048x1365.jpg 2048w, https:\/\/umcervantesecontinua.cl\/web3\/wp-content\/uploads\/2023\/10\/postitulogestiondiversidad2-300x200.jpg 300w, https:\/\/umcervantesecontinua.cl\/web3\/wp-content\/uploads\/2023\/10\/postitulogestiondiversidad2-1024x683.jpg 1024w, https:\/\/umcervantesecontinua.cl\/web3\/wp-content\/uploads\/2023\/10\/postitulogestiondiversidad2-768x512.jpg 768w, https:\/\/umcervantesecontinua.cl\/web3\/wp-content\/uploads\/2023\/10\/postitulogestiondiversidad2-1536x1024.jpg 1536w\" sizes=\"(max-width: 2048px) 100vw, 2048px\" \/><\/a><\/figure><div class=\"elementor-image-box-content\"><h5 class=\"elementor-image-box-title\"><a href=\"https:\/\/umcervantesecontinua.cl\/web3\/postitulo-de-mencion-en-estrategias-para-la-gestion-de-la-diversidad-e-inclusion\/\">Post\u00edtulo de menci\u00f3n en Estrategias para la Gesti\u00f3n de la Diversidad e Inclusi\u00f3n<\/a><\/h5><\/div><\/div>\t\t<\/div>\n\t\t\t\t<\/div>\n\t\t\t\t\t<\/div>\n\t\t<\/div>\n\t\t\t\t<div class=\"elementor-column elementor-col-33 elementor-top-column elementor-element elementor-element-0895e83\" data-id=\"0895e83\" data-element_type=\"column\" data-settings=\"{&quot;_ob_bbad_is_stalker&quot;:&quot;no&quot;,&quot;_ob_teleporter_use&quot;:false,&quot;_ob_column_hoveranimator&quot;:&quot;no&quot;,&quot;_ob_column_has_pseudo&quot;:&quot;no&quot;}\">\n\t\t\t<div class=\"elementor-widget-wrap elementor-element-populated\">\n\t\t\t\t\t\t<div class=\"elementor-element elementor-element-f37f114 elementor-position-top ob-has-background-overlay elementor-widget elementor-widget-image-box\" data-id=\"f37f114\" data-element_type=\"widget\" data-settings=\"{&quot;_ob_perspektive_use&quot;:&quot;no&quot;,&quot;_ob_poopart_use&quot;:&quot;yes&quot;,&quot;_ob_shadough_use&quot;:&quot;no&quot;,&quot;_ob_allow_hoveranimator&quot;:&quot;no&quot;,&quot;_ob_widget_stalker_use&quot;:&quot;no&quot;}\" data-widget_type=\"image-box.default\">\n\t\t\t\t<div class=\"elementor-widget-container\">\n\t\t\t<div class=\"elementor-image-box-wrapper\"><figure class=\"elementor-image-box-img\"><a href=\"https:\/\/umcervantesecontinua.cl\/web3\/postitulo-de-mencion-en-gestion-de-la-convivencia-escolar\/\" tabindex=\"-1\"><img loading=\"lazy\" decoding=\"async\" width=\"800\" height=\"534\" src=\"https:\/\/umcervantesecontinua.cl\/web3\/wp-content\/uploads\/2023\/01\/post.convivencia.jpg\" class=\"attachment-2048x2048 size-2048x2048 wp-image-267\" alt=\"\" srcset=\"https:\/\/umcervantesecontinua.cl\/web3\/wp-content\/uploads\/2023\/01\/post.convivencia.jpg 800w, https:\/\/umcervantesecontinua.cl\/web3\/wp-content\/uploads\/2023\/01\/post.convivencia-300x200.jpg 300w, https:\/\/umcervantesecontinua.cl\/web3\/wp-content\/uploads\/2023\/01\/post.convivencia-768x513.jpg 768w\" sizes=\"(max-width: 800px) 100vw, 800px\" \/><\/a><\/figure><div class=\"elementor-image-box-content\"><h5 class=\"elementor-image-box-title\"><a href=\"https:\/\/umcervantesecontinua.cl\/web3\/postitulo-de-mencion-en-gestion-de-la-convivencia-escolar\/\">Post\u00edtulo de menci\u00f3n en Gesti\u00f3n de la Convivencia Escolar<\/a><\/h5><\/div><\/div>\t\t<\/div>\n\t\t\t\t<\/div>\n\t\t\t\t\t<\/div>\n\t\t<\/div>\n\t\t\t\t\t<\/div>\n\t\t<\/section>\n\t\t\t\t<section class=\"ob-is-breaking-bad elementor-section elementor-top-section elementor-element elementor-element-45ff1e9 elementor-section-boxed elementor-section-height-default elementor-section-height-default\" data-id=\"45ff1e9\" data-element_type=\"section\" data-settings=\"{&quot;_ob_bbad_use_it&quot;:&quot;yes&quot;,&quot;_ob_bbad_sssic_use&quot;:&quot;no&quot;,&quot;_ob_glider_is_slider&quot;:&quot;no&quot;}\">\n\t\t\t\t\t\t<div class=\"elementor-container elementor-column-gap-default\">\n\t\t\t\t\t<div class=\"elementor-column elementor-col-100 elementor-top-column elementor-element elementor-element-39904a7\" data-id=\"39904a7\" data-element_type=\"column\" data-settings=\"{&quot;_ob_bbad_is_stalker&quot;:&quot;no&quot;,&quot;_ob_teleporter_use&quot;:false,&quot;_ob_column_hoveranimator&quot;:&quot;no&quot;,&quot;_ob_column_has_pseudo&quot;:&quot;no&quot;}\">\n\t\t\t<div class=\"elementor-widget-wrap elementor-element-populated\">\n\t\t\t\t\t\t\t<\/div>\n\t\t<\/div>\n\t\t\t\t\t<\/div>\n\t\t<\/section>\n\t\t\t\t<section class=\"ob-is-breaking-bad elementor-section elementor-top-section elementor-element elementor-element-b71c441 elementor-section-boxed elementor-section-height-default elementor-section-height-default\" data-id=\"b71c441\" data-element_type=\"section\" id=\"diplomados\" data-settings=\"{&quot;background_background&quot;:&quot;classic&quot;,&quot;_ob_bbad_use_it&quot;:&quot;yes&quot;,&quot;_ob_bbad_sssic_use&quot;:&quot;no&quot;,&quot;_ob_glider_is_slider&quot;:&quot;no&quot;}\">\n\t\t\t\t\t\t\t<div class=\"elementor-background-overlay\"><\/div>\n\t\t\t\t\t\t\t<div class=\"elementor-container elementor-column-gap-custom\">\n\t\t\t\t\t<div class=\"elementor-column elementor-col-100 elementor-top-column elementor-element elementor-element-775072f\" data-id=\"775072f\" data-element_type=\"column\" data-settings=\"{&quot;_ob_bbad_is_stalker&quot;:&quot;no&quot;,&quot;_ob_teleporter_use&quot;:false,&quot;_ob_column_hoveranimator&quot;:&quot;no&quot;,&quot;_ob_column_has_pseudo&quot;:&quot;no&quot;}\">\n\t\t\t<div class=\"elementor-widget-wrap elementor-element-populated\">\n\t\t\t\t\t\t<div class=\"elementor-element elementor-element-f4420c6 animated-slow ob-harakiri-inherit elementor-invisible ob-has-background-overlay elementor-widget elementor-widget-heading\" data-id=\"f4420c6\" data-element_type=\"widget\" data-settings=\"{&quot;_animation&quot;:&quot;fadeInDown&quot;,&quot;_animation_delay&quot;:200,&quot;_ob_use_harakiri&quot;:&quot;yes&quot;,&quot;_ob_harakiri_writing_mode&quot;:&quot;inherit&quot;,&quot;_ob_harakiri_text_clip&quot;:&quot;none&quot;,&quot;_ob_perspektive_use&quot;:&quot;no&quot;,&quot;_ob_poopart_use&quot;:&quot;yes&quot;,&quot;_ob_shadough_use&quot;:&quot;no&quot;,&quot;_ob_allow_hoveranimator&quot;:&quot;no&quot;,&quot;_ob_widget_stalker_use&quot;:&quot;no&quot;}\" data-widget_type=\"heading.default\">\n\t\t\t\t<div class=\"elementor-widget-container\">\n\t\t\t<h1 class=\"elementor-heading-title elementor-size-default\">Diplomados<\/h1>\t\t<\/div>\n\t\t\t\t<\/div>\n\t\t\t\t\t<\/div>\n\t\t<\/div>\n\t\t\t\t\t<\/div>\n\t\t<\/section>\n\t\t\t\t<section class=\"ob-is-breaking-bad elementor-section elementor-top-section elementor-element elementor-element-db4da11 elementor-section-boxed elementor-section-height-default elementor-section-height-default\" data-id=\"db4da11\" data-element_type=\"section\" data-settings=\"{&quot;_ob_bbad_use_it&quot;:&quot;yes&quot;,&quot;_ob_bbad_sssic_use&quot;:&quot;no&quot;,&quot;_ob_glider_is_slider&quot;:&quot;no&quot;}\">\n\t\t\t\t\t\t<div class=\"elementor-container elementor-column-gap-default\">\n\t\t\t\t\t<div class=\"elementor-column elementor-col-100 elementor-top-column elementor-element elementor-element-514d609\" data-id=\"514d609\" data-element_type=\"column\" data-settings=\"{&quot;_ob_bbad_is_stalker&quot;:&quot;no&quot;,&quot;_ob_teleporter_use&quot;:false,&quot;_ob_column_hoveranimator&quot;:&quot;no&quot;,&quot;_ob_column_has_pseudo&quot;:&quot;no&quot;}\">\n\t\t\t<div class=\"elementor-widget-wrap elementor-element-populated\">\n\t\t\t\t\t\t\t<\/div>\n\t\t<\/div>\n\t\t\t\t\t<\/div>\n\t\t<\/section>\n\t\t\t\t<section class=\"ob-is-breaking-bad elementor-section elementor-top-section elementor-element elementor-element-6002669 elementor-section-boxed elementor-section-height-default elementor-section-height-default\" data-id=\"6002669\" data-element_type=\"section\" data-settings=\"{&quot;_ob_bbad_use_it&quot;:&quot;yes&quot;,&quot;_ob_bbad_sssic_use&quot;:&quot;no&quot;,&quot;_ob_glider_is_slider&quot;:&quot;no&quot;}\">\n\t\t\t\t\t\t<div class=\"elementor-container elementor-column-gap-default\">\n\t\t\t\t\t<div class=\"elementor-column elementor-col-100 elementor-top-column elementor-element elementor-element-779b8fb\" data-id=\"779b8fb\" data-element_type=\"column\" data-settings=\"{&quot;_ob_bbad_is_stalker&quot;:&quot;no&quot;,&quot;_ob_teleporter_use&quot;:false,&quot;_ob_column_hoveranimator&quot;:&quot;no&quot;,&quot;_ob_column_has_pseudo&quot;:&quot;no&quot;}\">\n\t\t\t<div class=\"elementor-widget-wrap elementor-element-populated\">\n\t\t\t\t\t\t\t<\/div>\n\t\t<\/div>\n\t\t\t\t\t<\/div>\n\t\t<\/section>\n\t\t\t\t<section class=\"ob-is-breaking-bad elementor-section elementor-top-section elementor-element elementor-element-9844f0e elementor-section-boxed elementor-section-height-default elementor-section-height-default\" data-id=\"9844f0e\" data-element_type=\"section\" data-settings=\"{&quot;_ob_bbad_use_it&quot;:&quot;yes&quot;,&quot;_ob_bbad_sssic_use&quot;:&quot;no&quot;,&quot;_ob_glider_is_slider&quot;:&quot;no&quot;}\">\n\t\t\t\t\t\t<div class=\"elementor-container elementor-column-gap-default\">\n\t\t\t\t\t<div class=\"elementor-column elementor-col-33 elementor-top-column elementor-element elementor-element-2638957\" data-id=\"2638957\" data-element_type=\"column\" data-settings=\"{&quot;_ob_bbad_is_stalker&quot;:&quot;no&quot;,&quot;_ob_teleporter_use&quot;:false,&quot;_ob_column_hoveranimator&quot;:&quot;no&quot;,&quot;_ob_column_has_pseudo&quot;:&quot;no&quot;}\">\n\t\t\t<div class=\"elementor-widget-wrap elementor-element-populated\">\n\t\t\t\t\t\t<div class=\"elementor-element elementor-element-9063885 elementor-position-top ob-has-background-overlay elementor-widget elementor-widget-image-box\" data-id=\"9063885\" data-element_type=\"widget\" data-settings=\"{&quot;_ob_perspektive_use&quot;:&quot;no&quot;,&quot;_ob_poopart_use&quot;:&quot;yes&quot;,&quot;_ob_shadough_use&quot;:&quot;no&quot;,&quot;_ob_allow_hoveranimator&quot;:&quot;no&quot;,&quot;_ob_widget_stalker_use&quot;:&quot;no&quot;}\" data-widget_type=\"image-box.default\">\n\t\t\t\t<div class=\"elementor-widget-container\">\n\t\t\t<div class=\"elementor-image-box-wrapper\"><figure class=\"elementor-image-box-img\"><a href=\"https:\/\/umcervantesecontinua.cl\/web3\/diseno-universal-de-aprendizaje-para-la-inclusion-educativa\/\" tabindex=\"-1\"><img loading=\"lazy\" decoding=\"async\" width=\"2048\" height=\"1367\" src=\"https:\/\/umcervantesecontinua.cl\/web3\/wp-content\/uploads\/2023\/04\/dua-2048x1367.jpg\" class=\"attachment-2048x2048 size-2048x2048 wp-image-1045\" alt=\"\" srcset=\"https:\/\/umcervantesecontinua.cl\/web3\/wp-content\/uploads\/2023\/04\/dua-2048x1367.jpg 2048w, https:\/\/umcervantesecontinua.cl\/web3\/wp-content\/uploads\/2023\/04\/dua-300x200.jpg 300w, https:\/\/umcervantesecontinua.cl\/web3\/wp-content\/uploads\/2023\/04\/dua-1024x684.jpg 1024w, https:\/\/umcervantesecontinua.cl\/web3\/wp-content\/uploads\/2023\/04\/dua-768x513.jpg 768w, https:\/\/umcervantesecontinua.cl\/web3\/wp-content\/uploads\/2023\/04\/dua-1536x1025.jpg 1536w\" sizes=\"(max-width: 2048px) 100vw, 2048px\" \/><\/a><\/figure><div class=\"elementor-image-box-content\"><h5 class=\"elementor-image-box-title\"><a href=\"https:\/\/umcervantesecontinua.cl\/web3\/diseno-universal-de-aprendizaje-para-la-inclusion-educativa\/\">Dise\u00f1o Universal de Aprendizaje para la Inclusi\u00f3n Educativa<\/a><\/h5><\/div><\/div>\t\t<\/div>\n\t\t\t\t<\/div>\n\t\t\t\t<div class=\"elementor-element elementor-element-cbbe888 elementor-position-top ob-has-background-overlay elementor-widget elementor-widget-image-box\" data-id=\"cbbe888\" data-element_type=\"widget\" data-settings=\"{&quot;_ob_perspektive_use&quot;:&quot;no&quot;,&quot;_ob_poopart_use&quot;:&quot;yes&quot;,&quot;_ob_shadough_use&quot;:&quot;no&quot;,&quot;_ob_allow_hoveranimator&quot;:&quot;no&quot;,&quot;_ob_widget_stalker_use&quot;:&quot;no&quot;}\" data-widget_type=\"image-box.default\">\n\t\t\t\t<div class=\"elementor-widget-container\">\n\t\t\t<div class=\"elementor-image-box-wrapper\"><figure class=\"elementor-image-box-img\"><a href=\"https:\/\/umcervantesecontinua.cl\/web3\/diplomado-en-docencia-para-profesionales-de-la-salud\/\" tabindex=\"-1\"><img loading=\"lazy\" decoding=\"async\" width=\"984\" height=\"655\" src=\"https:\/\/umcervantesecontinua.cl\/web3\/wp-content\/uploads\/2023\/09\/IMAGESNDPPS.jpg\" class=\"attachment-2048x2048 size-2048x2048 wp-image-1654\" alt=\"\" srcset=\"https:\/\/umcervantesecontinua.cl\/web3\/wp-content\/uploads\/2023\/09\/IMAGESNDPPS.jpg 984w, https:\/\/umcervantesecontinua.cl\/web3\/wp-content\/uploads\/2023\/09\/IMAGESNDPPS-300x200.jpg 300w, https:\/\/umcervantesecontinua.cl\/web3\/wp-content\/uploads\/2023\/09\/IMAGESNDPPS-768x511.jpg 768w\" sizes=\"(max-width: 984px) 100vw, 984px\" \/><\/a><\/figure><div class=\"elementor-image-box-content\"><h5 class=\"elementor-image-box-title\"><a href=\"https:\/\/umcervantesecontinua.cl\/web3\/diplomado-en-docencia-para-profesionales-de-la-salud\/\">Docencia  para Profesionales de la Salud <\/a><\/h5><\/div><\/div>\t\t<\/div>\n\t\t\t\t<\/div>\n\t\t\t\t<div class=\"elementor-element elementor-element-23d29d3 elementor-position-top ob-has-background-overlay elementor-widget elementor-widget-image-box\" data-id=\"23d29d3\" data-element_type=\"widget\" data-settings=\"{&quot;_ob_perspektive_use&quot;:&quot;no&quot;,&quot;_ob_poopart_use&quot;:&quot;yes&quot;,&quot;_ob_shadough_use&quot;:&quot;no&quot;,&quot;_ob_allow_hoveranimator&quot;:&quot;no&quot;,&quot;_ob_widget_stalker_use&quot;:&quot;no&quot;}\" data-widget_type=\"image-box.default\">\n\t\t\t\t<div class=\"elementor-widget-container\">\n\t\t\t<div class=\"elementor-image-box-wrapper\"><figure class=\"elementor-image-box-img\"><a href=\"https:\/\/umcervantesecontinua.cl\/web3\/diplomado-en-medicion-y-evaluacion-del-aprendizaje\/\" tabindex=\"-1\"><img loading=\"lazy\" decoding=\"async\" width=\"980\" height=\"658\" src=\"https:\/\/umcervantesecontinua.cl\/web3\/wp-content\/uploads\/2023\/09\/IMAGENMYE.jpg\" class=\"attachment-2048x2048 size-2048x2048 wp-image-1737\" alt=\"\" srcset=\"https:\/\/umcervantesecontinua.cl\/web3\/wp-content\/uploads\/2023\/09\/IMAGENMYE.jpg 980w, https:\/\/umcervantesecontinua.cl\/web3\/wp-content\/uploads\/2023\/09\/IMAGENMYE-300x201.jpg 300w, https:\/\/umcervantesecontinua.cl\/web3\/wp-content\/uploads\/2023\/09\/IMAGENMYE-768x516.jpg 768w\" sizes=\"(max-width: 980px) 100vw, 980px\" \/><\/a><\/figure><div class=\"elementor-image-box-content\"><h5 class=\"elementor-image-box-title\"><a href=\"https:\/\/umcervantesecontinua.cl\/web3\/diplomado-en-medicion-y-evaluacion-del-aprendizaje\/\">Medici\u00f3n y Evaluaci\u00f3n del Aprendizaje<\/a><\/h5><\/div><\/div>\t\t<\/div>\n\t\t\t\t<\/div>\n\t\t\t\t\t<\/div>\n\t\t<\/div>\n\t\t\t\t<div class=\"elementor-column elementor-col-33 elementor-top-column elementor-element elementor-element-deba66d\" data-id=\"deba66d\" data-element_type=\"column\" data-settings=\"{&quot;_ob_bbad_is_stalker&quot;:&quot;no&quot;,&quot;_ob_teleporter_use&quot;:false,&quot;_ob_column_hoveranimator&quot;:&quot;no&quot;,&quot;_ob_column_has_pseudo&quot;:&quot;no&quot;}\">\n\t\t\t<div class=\"elementor-widget-wrap elementor-element-populated\">\n\t\t\t\t\t\t<div class=\"elementor-element elementor-element-695a0b9 elementor-position-top ob-has-background-overlay elementor-widget elementor-widget-image-box\" data-id=\"695a0b9\" data-element_type=\"widget\" data-settings=\"{&quot;_ob_perspektive_use&quot;:&quot;no&quot;,&quot;_ob_poopart_use&quot;:&quot;yes&quot;,&quot;_ob_shadough_use&quot;:&quot;no&quot;,&quot;_ob_allow_hoveranimator&quot;:&quot;no&quot;,&quot;_ob_widget_stalker_use&quot;:&quot;no&quot;}\" data-widget_type=\"image-box.default\">\n\t\t\t\t<div class=\"elementor-widget-container\">\n\t\t\t<div class=\"elementor-image-box-wrapper\"><figure class=\"elementor-image-box-img\"><a href=\"https:\/\/umcervantesecontinua.cl\/web3\/convivencia-escolar-y-resolucion-de-conflictos\/\" tabindex=\"-1\"><img loading=\"lazy\" decoding=\"async\" width=\"2048\" height=\"1367\" src=\"https:\/\/umcervantesecontinua.cl\/web3\/wp-content\/uploads\/2023\/04\/universalaprend1-2048x1367.jpg\" class=\"attachment-2048x2048 size-2048x2048 wp-image-1046\" alt=\"\" srcset=\"https:\/\/umcervantesecontinua.cl\/web3\/wp-content\/uploads\/2023\/04\/universalaprend1-2048x1367.jpg 2048w, https:\/\/umcervantesecontinua.cl\/web3\/wp-content\/uploads\/2023\/04\/universalaprend1-300x200.jpg 300w, https:\/\/umcervantesecontinua.cl\/web3\/wp-content\/uploads\/2023\/04\/universalaprend1-1024x684.jpg 1024w, https:\/\/umcervantesecontinua.cl\/web3\/wp-content\/uploads\/2023\/04\/universalaprend1-768x513.jpg 768w, https:\/\/umcervantesecontinua.cl\/web3\/wp-content\/uploads\/2023\/04\/universalaprend1-1536x1026.jpg 1536w\" sizes=\"(max-width: 2048px) 100vw, 2048px\" \/><\/a><\/figure><div class=\"elementor-image-box-content\"><h5 class=\"elementor-image-box-title\"><a href=\"https:\/\/umcervantesecontinua.cl\/web3\/convivencia-escolar-y-resolucion-de-conflictos\/\">Convivencia Escolar y Resoluci\u00f3n de Conflictos<\/a><\/h5><\/div><\/div>\t\t<\/div>\n\t\t\t\t<\/div>\n\t\t\t\t<div class=\"elementor-element elementor-element-12116cb elementor-position-top ob-has-background-overlay elementor-widget elementor-widget-image-box\" data-id=\"12116cb\" data-element_type=\"widget\" data-settings=\"{&quot;_ob_perspektive_use&quot;:&quot;no&quot;,&quot;_ob_poopart_use&quot;:&quot;yes&quot;,&quot;_ob_shadough_use&quot;:&quot;no&quot;,&quot;_ob_allow_hoveranimator&quot;:&quot;no&quot;,&quot;_ob_widget_stalker_use&quot;:&quot;no&quot;}\" data-widget_type=\"image-box.default\">\n\t\t\t\t<div class=\"elementor-widget-container\">\n\t\t\t<div class=\"elementor-image-box-wrapper\"><figure class=\"elementor-image-box-img\"><a href=\"https:\/\/umcervantesecontinua.cl\/web3\/diplomado-en-innovacion-educacional\/\" tabindex=\"-1\"><img loading=\"lazy\" decoding=\"async\" width=\"2048\" height=\"1363\" src=\"https:\/\/umcervantesecontinua.cl\/web3\/wp-content\/uploads\/2023\/09\/IMAGENIE2-2048x1363.jpg\" class=\"attachment-2048x2048 size-2048x2048 wp-image-1753\" alt=\"\" srcset=\"https:\/\/umcervantesecontinua.cl\/web3\/wp-content\/uploads\/2023\/09\/IMAGENIE2-2048x1363.jpg 2048w, https:\/\/umcervantesecontinua.cl\/web3\/wp-content\/uploads\/2023\/09\/IMAGENIE2-300x200.jpg 300w, https:\/\/umcervantesecontinua.cl\/web3\/wp-content\/uploads\/2023\/09\/IMAGENIE2-1024x682.jpg 1024w, https:\/\/umcervantesecontinua.cl\/web3\/wp-content\/uploads\/2023\/09\/IMAGENIE2-768x511.jpg 768w, https:\/\/umcervantesecontinua.cl\/web3\/wp-content\/uploads\/2023\/09\/IMAGENIE2-1536x1022.jpg 1536w\" sizes=\"(max-width: 2048px) 100vw, 2048px\" \/><\/a><\/figure><div class=\"elementor-image-box-content\"><h5 class=\"elementor-image-box-title\"><a href=\"https:\/\/umcervantesecontinua.cl\/web3\/diplomado-en-innovacion-educacional\/\">Innovaci\u00f3n Educacional                                                                                    <\/a><\/h5><\/div><\/div>\t\t<\/div>\n\t\t\t\t<\/div>\n\t\t\t\t<div class=\"elementor-element elementor-element-b860e1f elementor-position-top ob-has-background-overlay elementor-widget elementor-widget-image-box\" data-id=\"b860e1f\" data-element_type=\"widget\" data-settings=\"{&quot;_ob_perspektive_use&quot;:&quot;no&quot;,&quot;_ob_poopart_use&quot;:&quot;yes&quot;,&quot;_ob_shadough_use&quot;:&quot;no&quot;,&quot;_ob_allow_hoveranimator&quot;:&quot;no&quot;,&quot;_ob_widget_stalker_use&quot;:&quot;no&quot;}\" data-widget_type=\"image-box.default\">\n\t\t\t\t<div class=\"elementor-widget-container\">\n\t\t\t<div class=\"elementor-image-box-wrapper\"><figure class=\"elementor-image-box-img\"><a href=\"https:\/\/umcervantesecontinua.cl\/web3\/diplomado-en-modelos-de-calidad-educacional\/\" tabindex=\"-1\"><img loading=\"lazy\" decoding=\"async\" width=\"2048\" height=\"1367\" src=\"https:\/\/umcervantesecontinua.cl\/web3\/wp-content\/uploads\/2023\/09\/CE2-2048x1367.jpg\" class=\"attachment-2048x2048 size-2048x2048 wp-image-1788\" alt=\"\" srcset=\"https:\/\/umcervantesecontinua.cl\/web3\/wp-content\/uploads\/2023\/09\/CE2-2048x1367.jpg 2048w, https:\/\/umcervantesecontinua.cl\/web3\/wp-content\/uploads\/2023\/09\/CE2-300x200.jpg 300w, https:\/\/umcervantesecontinua.cl\/web3\/wp-content\/uploads\/2023\/09\/CE2-1024x684.jpg 1024w, https:\/\/umcervantesecontinua.cl\/web3\/wp-content\/uploads\/2023\/09\/CE2-768x513.jpg 768w, https:\/\/umcervantesecontinua.cl\/web3\/wp-content\/uploads\/2023\/09\/CE2-1536x1026.jpg 1536w\" sizes=\"(max-width: 2048px) 100vw, 2048px\" \/><\/a><\/figure><div class=\"elementor-image-box-content\"><h5 class=\"elementor-image-box-title\"><a href=\"https:\/\/umcervantesecontinua.cl\/web3\/diplomado-en-modelos-de-calidad-educacional\/\">Modelos de Calidad Educacional<\/a><\/h5><\/div><\/div>\t\t<\/div>\n\t\t\t\t<\/div>\n\t\t\t\t<div class=\"elementor-element elementor-element-ce5a064 elementor-position-top ob-has-background-overlay elementor-widget elementor-widget-image-box\" data-id=\"ce5a064\" data-element_type=\"widget\" data-settings=\"{&quot;_ob_perspektive_use&quot;:&quot;no&quot;,&quot;_ob_poopart_use&quot;:&quot;yes&quot;,&quot;_ob_shadough_use&quot;:&quot;no&quot;,&quot;_ob_allow_hoveranimator&quot;:&quot;no&quot;,&quot;_ob_widget_stalker_use&quot;:&quot;no&quot;}\" data-widget_type=\"image-box.default\">\n\t\t\t\t<div class=\"elementor-widget-container\">\n\t\t\t<div class=\"elementor-image-box-wrapper\"><figure class=\"elementor-image-box-img\"><a href=\"https:\/\/umcervantesecontinua.cl\/web3\/diplomado-nuevas-tendencias-de-ensenanza-aprendizaje-mediadas-por-tecnologia\/\" tabindex=\"-1\"><img loading=\"lazy\" decoding=\"async\" width=\"1001\" height=\"666\" src=\"https:\/\/umcervantesecontinua.cl\/web3\/wp-content\/uploads\/2023\/09\/IMAGENNT.jpg\" class=\"attachment-2048x2048 size-2048x2048 wp-image-1768\" alt=\"\" srcset=\"https:\/\/umcervantesecontinua.cl\/web3\/wp-content\/uploads\/2023\/09\/IMAGENNT.jpg 1001w, https:\/\/umcervantesecontinua.cl\/web3\/wp-content\/uploads\/2023\/09\/IMAGENNT-300x200.jpg 300w, https:\/\/umcervantesecontinua.cl\/web3\/wp-content\/uploads\/2023\/09\/IMAGENNT-768x511.jpg 768w\" sizes=\"(max-width: 1001px) 100vw, 1001px\" \/><\/a><\/figure><div class=\"elementor-image-box-content\"><h5 class=\"elementor-image-box-title\"><a href=\"https:\/\/umcervantesecontinua.cl\/web3\/diplomado-nuevas-tendencias-de-ensenanza-aprendizaje-mediadas-por-tecnologia\/\">Nuevas Tendencias de Ense\u00f1anza-Aprendizaje Mediadas por Tecnolog\u00eda<\/a><\/h5><\/div><\/div>\t\t<\/div>\n\t\t\t\t<\/div>\n\t\t\t\t\t<\/div>\n\t\t<\/div>\n\t\t\t\t<div class=\"elementor-column elementor-col-33 elementor-top-column elementor-element elementor-element-1f7be2a\" data-id=\"1f7be2a\" data-element_type=\"column\" data-settings=\"{&quot;_ob_bbad_is_stalker&quot;:&quot;no&quot;,&quot;_ob_teleporter_use&quot;:false,&quot;_ob_column_hoveranimator&quot;:&quot;no&quot;,&quot;_ob_column_has_pseudo&quot;:&quot;no&quot;}\">\n\t\t\t<div class=\"elementor-widget-wrap elementor-element-populated\">\n\t\t\t\t\t\t<div class=\"elementor-element elementor-element-d665b62 elementor-position-top ob-has-background-overlay elementor-widget elementor-widget-image-box\" data-id=\"d665b62\" data-element_type=\"widget\" data-settings=\"{&quot;_ob_perspektive_use&quot;:&quot;no&quot;,&quot;_ob_poopart_use&quot;:&quot;yes&quot;,&quot;_ob_shadough_use&quot;:&quot;no&quot;,&quot;_ob_allow_hoveranimator&quot;:&quot;no&quot;,&quot;_ob_widget_stalker_use&quot;:&quot;no&quot;}\" data-widget_type=\"image-box.default\">\n\t\t\t\t<div class=\"elementor-widget-container\">\n\t\t\t<div class=\"elementor-image-box-wrapper\"><figure class=\"elementor-image-box-img\"><a href=\"https:\/\/umcervantesecontinua.cl\/web3\/aplicacion-de-la-neurociencia-en-el-aula\/\" tabindex=\"-1\"><img loading=\"lazy\" decoding=\"async\" width=\"2048\" height=\"1367\" src=\"https:\/\/umcervantesecontinua.cl\/web3\/wp-content\/uploads\/2023\/04\/neuro-2048x1367.jpg\" class=\"attachment-2048x2048 size-2048x2048 wp-image-1047\" alt=\"\" srcset=\"https:\/\/umcervantesecontinua.cl\/web3\/wp-content\/uploads\/2023\/04\/neuro-2048x1367.jpg 2048w, https:\/\/umcervantesecontinua.cl\/web3\/wp-content\/uploads\/2023\/04\/neuro-300x200.jpg 300w, https:\/\/umcervantesecontinua.cl\/web3\/wp-content\/uploads\/2023\/04\/neuro-1024x684.jpg 1024w, https:\/\/umcervantesecontinua.cl\/web3\/wp-content\/uploads\/2023\/04\/neuro-768x513.jpg 768w, https:\/\/umcervantesecontinua.cl\/web3\/wp-content\/uploads\/2023\/04\/neuro-1536x1025.jpg 1536w\" sizes=\"(max-width: 2048px) 100vw, 2048px\" \/><\/a><\/figure><div class=\"elementor-image-box-content\"><h5 class=\"elementor-image-box-title\"><a href=\"https:\/\/umcervantesecontinua.cl\/web3\/aplicacion-de-la-neurociencia-en-el-aula\/\">Aplicaci\u00f3n de la Neurociencia en el Aula<\/a><\/h5><\/div><\/div>\t\t<\/div>\n\t\t\t\t<\/div>\n\t\t\t\t<div class=\"elementor-element elementor-element-b6b7431 elementor-position-top ob-has-background-overlay elementor-widget elementor-widget-image-box\" data-id=\"b6b7431\" data-element_type=\"widget\" data-settings=\"{&quot;_ob_perspektive_use&quot;:&quot;no&quot;,&quot;_ob_poopart_use&quot;:&quot;yes&quot;,&quot;_ob_shadough_use&quot;:&quot;no&quot;,&quot;_ob_allow_hoveranimator&quot;:&quot;no&quot;,&quot;_ob_widget_stalker_use&quot;:&quot;no&quot;}\" data-widget_type=\"image-box.default\">\n\t\t\t\t<div class=\"elementor-widget-container\">\n\t\t\t<div class=\"elementor-image-box-wrapper\"><figure class=\"elementor-image-box-img\"><a href=\"https:\/\/umcervantesecontinua.cl\/web3\/diplomado-estrategias-para-mejorar-la-convivencia\/\" tabindex=\"-1\"><img loading=\"lazy\" decoding=\"async\" width=\"1772\" height=\"1181\" src=\"https:\/\/umcervantesecontinua.cl\/web3\/wp-content\/uploads\/2023\/09\/IMAGENEC2.jpg\" class=\"attachment-2048x2048 size-2048x2048 wp-image-1775\" alt=\"\" srcset=\"https:\/\/umcervantesecontinua.cl\/web3\/wp-content\/uploads\/2023\/09\/IMAGENEC2.jpg 1772w, https:\/\/umcervantesecontinua.cl\/web3\/wp-content\/uploads\/2023\/09\/IMAGENEC2-300x200.jpg 300w, https:\/\/umcervantesecontinua.cl\/web3\/wp-content\/uploads\/2023\/09\/IMAGENEC2-1024x682.jpg 1024w, https:\/\/umcervantesecontinua.cl\/web3\/wp-content\/uploads\/2023\/09\/IMAGENEC2-768x512.jpg 768w, https:\/\/umcervantesecontinua.cl\/web3\/wp-content\/uploads\/2023\/09\/IMAGENEC2-1536x1024.jpg 1536w\" sizes=\"(max-width: 1772px) 100vw, 1772px\" \/><\/a><\/figure><div class=\"elementor-image-box-content\"><h5 class=\"elementor-image-box-title\"><a href=\"https:\/\/umcervantesecontinua.cl\/web3\/diplomado-estrategias-para-mejorar-la-convivencia\/\">Estrategias para Mejorar la Convivencia<\/a><\/h5><\/div><\/div>\t\t<\/div>\n\t\t\t\t<\/div>\n\t\t\t\t<div class=\"elementor-element elementor-element-94c7d83 elementor-position-top ob-has-background-overlay elementor-widget elementor-widget-image-box\" data-id=\"94c7d83\" data-element_type=\"widget\" data-settings=\"{&quot;_ob_perspektive_use&quot;:&quot;no&quot;,&quot;_ob_poopart_use&quot;:&quot;yes&quot;,&quot;_ob_shadough_use&quot;:&quot;no&quot;,&quot;_ob_allow_hoveranimator&quot;:&quot;no&quot;,&quot;_ob_widget_stalker_use&quot;:&quot;no&quot;}\" data-widget_type=\"image-box.default\">\n\t\t\t\t<div class=\"elementor-widget-container\">\n\t\t\t<div class=\"elementor-image-box-wrapper\"><figure class=\"elementor-image-box-img\"><a href=\"https:\/\/umcervantesecontinua.cl\/web3\/diplomado-en-politicas-educativas-de-inclusion\/\" tabindex=\"-1\"><img loading=\"lazy\" decoding=\"async\" width=\"1001\" height=\"667\" src=\"https:\/\/umcervantesecontinua.cl\/web3\/wp-content\/uploads\/2023\/09\/IMAGENPI.jpg\" class=\"attachment-2048x2048 size-2048x2048 wp-image-1800\" alt=\"\" srcset=\"https:\/\/umcervantesecontinua.cl\/web3\/wp-content\/uploads\/2023\/09\/IMAGENPI.jpg 1001w, https:\/\/umcervantesecontinua.cl\/web3\/wp-content\/uploads\/2023\/09\/IMAGENPI-300x200.jpg 300w, https:\/\/umcervantesecontinua.cl\/web3\/wp-content\/uploads\/2023\/09\/IMAGENPI-768x512.jpg 768w\" sizes=\"(max-width: 1001px) 100vw, 1001px\" \/><\/a><\/figure><div class=\"elementor-image-box-content\"><h5 class=\"elementor-image-box-title\"><a href=\"https:\/\/umcervantesecontinua.cl\/web3\/diplomado-en-politicas-educativas-de-inclusion\/\">Pol\u00edticas Educativas de Inclusi\u00f3n<\/a><\/h5><\/div><\/div>\t\t<\/div>\n\t\t\t\t<\/div>\n\t\t\t\t\t<\/div>\n\t\t<\/div>\n\t\t\t\t\t<\/div>\n\t\t<\/section>\n\t\t\t\t<section class=\"ob-is-breaking-bad elementor-section elementor-top-section elementor-element elementor-element-2dd1b22 elementor-section-boxed elementor-section-height-default elementor-section-height-default\" data-id=\"2dd1b22\" data-element_type=\"section\" data-settings=\"{&quot;_ob_bbad_use_it&quot;:&quot;yes&quot;,&quot;_ob_bbad_sssic_use&quot;:&quot;no&quot;,&quot;_ob_glider_is_slider&quot;:&quot;no&quot;}\">\n\t\t\t\t\t\t<div class=\"elementor-container elementor-column-gap-default\">\n\t\t\t\t\t<div class=\"elementor-column elementor-col-100 elementor-top-column elementor-element elementor-element-f1e15ba\" data-id=\"f1e15ba\" data-element_type=\"column\" data-settings=\"{&quot;_ob_bbad_is_stalker&quot;:&quot;no&quot;,&quot;_ob_teleporter_use&quot;:false,&quot;_ob_column_hoveranimator&quot;:&quot;no&quot;,&quot;_ob_column_has_pseudo&quot;:&quot;no&quot;}\">\n\t\t\t<div class=\"elementor-widget-wrap elementor-element-populated\">\n\t\t\t\t\t\t\t<\/div>\n\t\t<\/div>\n\t\t\t\t\t<\/div>\n\t\t<\/section>\n\t\t\t\t<section class=\"ob-is-breaking-bad elementor-section elementor-top-section elementor-element elementor-element-ac8b391 elementor-section-boxed elementor-section-height-default elementor-section-height-default\" data-id=\"ac8b391\" data-element_type=\"section\" data-settings=\"{&quot;_ob_bbad_use_it&quot;:&quot;yes&quot;,&quot;_ob_bbad_sssic_use&quot;:&quot;no&quot;,&quot;_ob_glider_is_slider&quot;:&quot;no&quot;}\">\n\t\t\t\t\t\t<div class=\"elementor-container elementor-column-gap-default\">\n\t\t\t\t\t<div class=\"elementor-column elementor-col-100 elementor-top-column elementor-element elementor-element-000b94a\" data-id=\"000b94a\" data-element_type=\"column\" data-settings=\"{&quot;_ob_bbad_is_stalker&quot;:&quot;no&quot;,&quot;_ob_teleporter_use&quot;:false,&quot;_ob_column_hoveranimator&quot;:&quot;no&quot;,&quot;_ob_column_has_pseudo&quot;:&quot;no&quot;}\">\n\t\t\t<div class=\"elementor-widget-wrap elementor-element-populated\">\n\t\t\t\t\t\t\t<\/div>\n\t\t<\/div>\n\t\t\t\t\t<\/div>\n\t\t<\/section>\n\t\t\t\t<section class=\"ob-is-breaking-bad elementor-section elementor-top-section elementor-element elementor-element-82de206 elementor-section-boxed elementor-section-height-default elementor-section-height-default\" data-id=\"82de206\" data-element_type=\"section\" data-settings=\"{&quot;_ob_bbad_use_it&quot;:&quot;yes&quot;,&quot;_ob_bbad_sssic_use&quot;:&quot;no&quot;,&quot;_ob_glider_is_slider&quot;:&quot;no&quot;}\">\n\t\t\t\t\t\t<div class=\"elementor-container elementor-column-gap-default\">\n\t\t\t\t\t<div class=\"elementor-column elementor-col-100 elementor-top-column elementor-element elementor-element-2444010\" data-id=\"2444010\" data-element_type=\"column\" data-settings=\"{&quot;_ob_bbad_is_stalker&quot;:&quot;no&quot;,&quot;_ob_teleporter_use&quot;:false,&quot;_ob_column_hoveranimator&quot;:&quot;no&quot;,&quot;_ob_column_has_pseudo&quot;:&quot;no&quot;}\">\n\t\t\t<div class=\"elementor-widget-wrap elementor-element-populated\">\n\t\t\t\t\t\t\t<\/div>\n\t\t<\/div>\n\t\t\t\t\t<\/div>\n\t\t<\/section>\n\t\t\t\t<section class=\"ob-is-breaking-bad elementor-section elementor-top-section elementor-element elementor-element-989971b elementor-section-boxed elementor-section-height-default elementor-section-height-default\" data-id=\"989971b\" data-element_type=\"section\" data-settings=\"{&quot;_ob_bbad_use_it&quot;:&quot;yes&quot;,&quot;_ob_bbad_sssic_use&quot;:&quot;no&quot;,&quot;_ob_glider_is_slider&quot;:&quot;no&quot;}\">\n\t\t\t\t\t\t<div class=\"elementor-container elementor-column-gap-default\">\n\t\t\t\t\t<div class=\"elementor-column elementor-col-100 elementor-top-column elementor-element elementor-element-e594c0d\" data-id=\"e594c0d\" data-element_type=\"column\" data-settings=\"{&quot;_ob_bbad_is_stalker&quot;:&quot;no&quot;,&quot;_ob_teleporter_use&quot;:false,&quot;_ob_column_hoveranimator&quot;:&quot;no&quot;,&quot;_ob_column_has_pseudo&quot;:&quot;no&quot;}\">\n\t\t\t<div class=\"elementor-widget-wrap elementor-element-populated\">\n\t\t\t\t\t\t<div class=\"elementor-element elementor-element-d6f8e08 elementor-align-center ob-has-background-overlay elementor-widget elementor-widget-button\" data-id=\"d6f8e08\" data-element_type=\"widget\" data-settings=\"{&quot;_ob_butterbutton_use_it&quot;:&quot;no&quot;,&quot;_ob_perspektive_use&quot;:&quot;no&quot;,&quot;_ob_poopart_use&quot;:&quot;yes&quot;,&quot;_ob_shadough_use&quot;:&quot;no&quot;,&quot;_ob_allow_hoveranimator&quot;:&quot;no&quot;,&quot;_ob_widget_stalker_use&quot;:&quot;no&quot;}\" data-widget_type=\"button.default\">\n\t\t\t\t<div class=\"elementor-widget-container\">\n\t\t\t\t\t<div class=\"elementor-button-wrapper\">\n\t\t\t<a class=\"elementor-button elementor-button-link elementor-size-sm\" href=\"https:\/\/umcervantes.cl\/MatriculateEnLinea\/\">\n\t\t\t\t\t\t<span class=\"elementor-button-content-wrapper\">\n\t\t\t\t\t\t\t\t\t<span class=\"elementor-button-text\">Matr\u00edcula Online<\/span>\n\t\t\t\t\t<\/span>\n\t\t\t\t\t<\/a>\n\t\t<\/div>\n\t\t\t\t<\/div>\n\t\t\t\t<\/div>\n\t\t\t\t\t<\/div>\n\t\t<\/div>\n\t\t\t\t\t<\/div>\n\t\t<\/section>\n\t\t\t\t<\/div>\n\t\t","protected":false},"excerpt":{"rendered":"<p>MATR\u00cdCULAS ABIERTAS Tu futuro comienza aqu\u00ed. Consulta aqu\u00ed Whatsapp Facebook Mag\u00edster en Educaci\u00f3n Mag\u00edster en Educaci\u00f3n menci\u00f3n en Curr\u00edculum y Evaluaci\u00f3n Basado en Competencias Mag\u00edster en Educaci\u00f3n menci\u00f3n en Gesti\u00f3n de Calidad Post\u00edtulos Recuerde revisar aqu\u00ed la Ley N\u00b0. 20.158 antes de matricularse (B.R.P) Post\u00edtulo de menci\u00f3n en Lenguaje y Comunicaci\u00f3n para Educaci\u00f3n B\u00e1sica Post\u00edtulo&#8230;<\/p>\n","protected":false},"author":1,"featured_media":0,"parent":0,"menu_order":0,"comment_status":"closed","ping_status":"closed","template":"elementor_theme","meta":{"_kad_post_transparent":"","_kad_post_title":"hide","_kad_post_layout":"fullwidth","_kad_post_sidebar_id":"","_kad_post_content_style":"unboxed","_kad_post_vertical_padding":"hide","_kad_post_feature":"hide","_kad_post_feature_position":"","_kad_post_header":true,"_kad_post_footer":false,"footnotes":""},"class_list":["post-317","page","type-page","status-publish","hentry"],"_links":{"self":[{"href":"https:\/\/umcervantesecontinua.cl\/web3\/wp-json\/wp\/v2\/pages\/317","targetHints":{"allow":["GET"]}}],"collection":[{"href":"https:\/\/umcervantesecontinua.cl\/web3\/wp-json\/wp\/v2\/pages"}],"about":[{"href":"https:\/\/umcervantesecontinua.cl\/web3\/wp-json\/wp\/v2\/types\/page"}],"author":[{"embeddable":true,"href":"https:\/\/umcervantesecontinua.cl\/web3\/wp-json\/wp\/v2\/users\/1"}],"replies":[{"embeddable":true,"href":"https:\/\/umcervantesecontinua.cl\/web3\/wp-json\/wp\/v2\/comments?post=317"}],"version-history":[{"count":556,"href":"https:\/\/umcervantesecontinua.cl\/web3\/wp-json\/wp\/v2\/pages\/317\/revisions"}],"predecessor-version":[{"id":2568,"href":"https:\/\/umcervantesecontinua.cl\/web3\/wp-json\/wp\/v2\/pages\/317\/revisions\/2568"}],"wp:attachment":[{"href":"https:\/\/umcervantesecontinua.cl\/web3\/wp-json\/wp\/v2\/media?parent=317"}],"curies":[{"name":"wp","href":"https:\/\/api.w.org\/{rel}","templated":true}]}}